{"id":7219,"date":"2024-03-01T00:01:56","date_gmt":"2024-02-29T21:01:56","guid":{"rendered":"https:\/\/www.armeda.com.tr\/projeler\/istanbul-2\/"},"modified":"2025-04-09T13:21:58","modified_gmt":"2025-04-09T10:21:58","slug":"yamedina","status":"publish","type":"portfolio","link":"https:\/\/www.armeda.com.tr\/tr\/projeler\/yamedina\/","title":{"rendered":"YA MEDINA"},"content":{"rendered":"<div class=\"wpb-content-wrapper\"><p>[vc_row el_id=&#8221;projelerid&#8221;][vc_column width=&#8221;2\/6&#8243;][vc_custom_heading text=&#8221;YA MED\u0130NA&#8221; font_container=&#8221;tag:p|font_size:32|text_align:left|color:%23922829&#8243; google_fonts=&#8221;font_family:Raleway%3A100%2C200%2C300%2Cregular%2C500%2C600%2C700%2C800%2C900|font_style:700%20bold%20regular%3A700%3Anormal&#8221;][\/vc_column][vc_column width=&#8221;1\/6&#8243;][\/vc_column][vc_column width=&#8221;1\/6&#8243;][\/vc_column][vc_column width=&#8221;2\/6&#8243;][\/vc_column][\/vc_row][vc_row][vc_column][vc_single_image image=&#8221;7236&#8243; img_size=&#8221;full&#8221; alignment=&#8221;center&#8221;][\/vc_column][\/vc_row][vc_row][vc_column width=&#8221;1\/2&#8243;][vc_column_text]<span style=\"color: #000000; font-weight: 500;\">&#8220;Medina Steak House&#8221; i\u00e7in Mannheim&#8217;daki restoranlar\u0131nda uygulama yapt\u0131\u011f\u0131m\u0131z T\u00fcrk K\u00f6\u015fesinin g\u00f6rd\u00fc\u011f\u00fc ilgi ve olu\u015fturdu\u011fu etki \u00fczerine, Frankfurt&#8217;daki restoran\u0131n ayn\u0131 konsepte g\u00f6re yeniden d\u00fczenlenmesi istendi.<br \/>\n<\/span><\/p>\n<p><span style=\"color: #444444;\"> T\u00fcrk-Osmanl\u0131 vurgusuyla do\u011funun Kervansaray k\u00fclt\u00fcr\u00fcn\u00fc yans\u0131tacak bir mekan olu\u015fturmak \u00fczere projeye ba\u015fland\u0131. Osmanl\u0131 etkisi g\u00fc\u00e7l\u00fc olarak vurgulan\u0131rken arabesk unsurlar da kullan\u0131ld\u0131. \u00d6rne\u011fin oturma gruplar\u0131nda tamamen Magribi stil belirlendi. Mekan\u0131n b\u00fct\u00fcn\u00fcne yay\u0131lan motiflerde sadece Osmanl\u0131 Sel\u00e7uklu de\u011fil, Emevi\u2019lere kadar uzanan bir k\u00fclt\u00fcr var. Do\u011fuya ait renklerin kontrast\u0131n\u0131n yer yer abart\u0131l\u0131 olarak kullan\u0131m\u0131 tercih edildi. Otantik unsurlar\u0131n belli bir dereceye kadar modernize edildi\u011fi samimi, s\u0131cak bir mekan olu\u015fturuldu.<\/span>[\/vc_column_text][\/vc_column][vc_column width=&#8221;1\/2&#8243;][vc_media_grid css=&#8221;&#8221; grid_id=&#8221;vc_gid:1740385877064-54d069fe-9a83-1&#8243; include=&#8221;7272,7242,7243,7244,7239&#8243;][\/vc_column][\/vc_row][vc_row][vc_column width=&#8221;1\/2&#8243;][vc_column_text]<\/p>\n<table>\n<tbody>\n<tr>\n<td class=\"sol\">\u0130\u015eVEREN<\/td>\n<td class=\"sag\">Medina SteakHouse<\/td>\n<\/tr>\n<tr>\n<td class=\"sol\">M\u0130MAR\u0130 H\u0130ZMET<\/td>\n<td class=\"sag\">Proje tasar\u0131m ve uygulama<\/td>\n<\/tr>\n<tr>\n<td class=\"sol\">TAR\u0130H-LOKASYON<\/td>\n<td class=\"sag\">2023 &#8211; Frankfurt<\/td>\n<\/tr>\n<tr>\n<td class=\"sol\">PROJE EK\u0130B\u0130<\/td>\n<td class=\"sag\">Armeda &#8211; Teknogon<\/td>\n<\/tr>\n<\/tbody>\n<\/table>\n<p>[\/vc_column_text][\/vc_column][vc_column width=&#8221;1\/2&#8243;][\/vc_column][\/vc_row][vc_row content_placement=&#8221;bottom&#8221; disable_element=&#8221;yes&#8221;][vc_column width=&#8221;1\/4&#8243;][\/vc_column][vc_column width=&#8221;1\/4&#8243;][\/vc_column][vc_column width=&#8221;1\/4&#8243;][\/vc_column][vc_column width=&#8221;1\/4&#8243;][caw_button btn_alignment=&#8221;right&#8221; btn_text=&#8221;COCOBEAN&#8221; btn_iconpos=&#8221;left&#8221; btn_link=&#8221;url:https%3A%2F%2Fwww.armeda.com.tr%2Fprojeler%2Fcocobean%2F|title:COCOBEAN&#8221; btn_color=&#8221;#000000&#8243; btn_background_color=&#8221;#ffffff&#8221; btn_hvr_color=&#8221;#dd3333&#8243; btn_hvr_background_color=&#8221;#ffffff&#8221; btn_fontawesome=&#8221;fas fa-arrow-right&#8221; btn_font_size=&#8221;18px&#8221;][\/vc_column][\/vc_row]<\/p>\n<\/div>","protected":false},"excerpt":{"rendered":"<p>[vc_row el_id=&#8221;projelerid&#8221;][vc_column width=&#8221;2\/6&#8243;][vc_custom_heading text=&#8221;YA MED\u0130NA&#8221; font_container=&#8221;tag:p|font_size:32|text_align:left|color:%23922829&#8243; google_fonts=&#8221;font_family:Raleway%3A100%2C200%2C300%2Cregular%2C500%2C600%2C700%2C800%2C900|font_style:700%20bold%20regular%3A700%3Anormal&#8221;][\/vc_column][vc_column width=&#8221;1\/6&#8243;][\/vc_column][vc_column width=&#8221;1\/6&#8243;][\/vc_column][vc_column width=&#8221;2\/6&#8243;][\/vc_column][\/vc_row][vc_row][vc_column][vc_single_image image=&#8221;7236&#8243; img_size=&#8221;full&#8221; alignment=&#8221;center&#8221;][\/vc_column][\/vc_row][vc_row][vc_column width=&#8221;1\/2&#8243;][vc_column_text]&#8220;Medina Steak House&#8221; i\u00e7in Mannheim&#8217;daki restoranlar\u0131nda uygulama yapt\u0131\u011f\u0131m\u0131z T\u00fcrk K\u00f6\u015fesinin g\u00f6rd\u00fc\u011f\u00fc ilgi ve olu\u015fturdu\u011fu etki \u00fczerine, Frankfurt&#8217;daki restoran\u0131n ayn\u0131 konsepte g\u00f6re yeniden d\u00fczenlenmesi istendi. T\u00fcrk-Osmanl\u0131 vurgusuyla do\u011funun Kervansaray k\u00fclt\u00fcr\u00fcn\u00fc yans\u0131tacak bir mekan olu\u015fturmak \u00fczere projeye ba\u015fland\u0131. Osmanl\u0131 etkisi g\u00fc\u00e7l\u00fc olarak vurgulan\u0131rken arabesk&hellip;<\/p>\n","protected":false},"author":2,"featured_media":7236,"comment_status":"closed","ping_status":"closed","template":"","meta":{"_acf_changed":false,"footnotes":""},"portfolio_category":[279,183],"portfolio_tag":[],"class_list":["post-7219","portfolio","type-portfolio","status-publish","has-post-thumbnail","hentry","portfolio_category-gastronomi","portfolio_category-projeler"],"acf":[],"yoast_head":"<!-- This site is optimized with the Yoast SEO plugin v26.2 - https:\/\/yoast.com\/wordpress\/plugins\/seo\/ -->\n<title>YA MEDINA<\/title>\n<meta name=\"description\" content=\"\u0130\u00e7 mimarl\u0131k, i\u00e7 dekorasyon, kafe konsept tasar\u0131m, mekan konsept tasar\u0131m\u0131 alan\u0131nda yapt\u0131\u011f\u0131m\u0131z projelerimiz.\" \/>\n<meta name=\"robots\" content=\"index, follow, max-snippet:-1, max-image-preview:large, max-video-preview:-1\" \/>\n<link rel=\"canonical\" href=\"https:\/\/www.armeda.com.tr\/tr\/projeler\/yamedina\/\" \/>\n<meta property=\"og:locale\" content=\"tr_TR\" \/>\n<meta property=\"og:locale:alternate\" content=\"en_GB\" \/>\n<meta property=\"og:locale:alternate\" content=\"de_DE\" \/>\n<meta property=\"og:type\" content=\"article\" \/>\n<meta property=\"og:title\" content=\"YA MEDINA\" \/>\n<meta property=\"og:description\" content=\"\u0130\u00e7 mimarl\u0131k, i\u00e7 dekorasyon, kafe konsept tasar\u0131m, mekan konsept tasar\u0131m\u0131 alan\u0131nda yapt\u0131\u011f\u0131m\u0131z projelerimiz.\" \/>\n<meta property=\"og:url\" content=\"https:\/\/www.armeda.com.tr\/tr\/projeler\/yamedina\/\" \/>\n<meta property=\"og:site_name\" content=\"Armeda \u0130&ccedil; Mimarl\u0131k\" \/>\n<meta property=\"article:publisher\" content=\"https:\/\/www.facebook.com\/armedaicmimarlik\" \/>\n<meta property=\"article:modified_time\" content=\"2025-04-09T10:21:58+00:00\" \/>\n<meta property=\"og:image\" content=\"https:\/\/www.armeda.com.tr\/wp-content\/uploads\/2023\/07\/YaMedina_1920-800-A.jpg\" \/>\n\t<meta property=\"og:image:width\" content=\"1920\" \/>\n\t<meta property=\"og:image:height\" content=\"800\" \/>\n\t<meta property=\"og:image:type\" content=\"image\/jpeg\" \/>\n<meta name=\"twitter:card\" content=\"summary_large_image\" \/>\n<meta name=\"twitter:site\" content=\"@armeda_ic_mim\" \/>\n<meta name=\"twitter:label1\" content=\"Tahmini okuma s\u00fcresi\" \/>\n\t<meta name=\"twitter:data1\" content=\"3 dakika\" \/>\n<script type=\"application\/ld+json\" class=\"yoast-schema-graph\">{\"@context\":\"https:\/\/schema.org\",\"@graph\":[{\"@type\":\"WebPage\",\"@id\":\"https:\/\/www.armeda.com.tr\/tr\/projeler\/yamedina\/\",\"url\":\"https:\/\/www.armeda.com.tr\/tr\/projeler\/yamedina\/\",\"name\":\"YA MEDINA\",\"isPartOf\":{\"@id\":\"https:\/\/www.armeda.com.tr\/#website\"},\"primaryImageOfPage\":{\"@id\":\"https:\/\/www.armeda.com.tr\/tr\/projeler\/yamedina\/#primaryimage\"},\"image\":{\"@id\":\"https:\/\/www.armeda.com.tr\/tr\/projeler\/yamedina\/#primaryimage\"},\"thumbnailUrl\":\"https:\/\/www.armeda.com.tr\/wp-content\/uploads\/2023\/07\/YaMedina_1920-800-A.jpg\",\"datePublished\":\"2024-02-29T21:01:56+00:00\",\"dateModified\":\"2025-04-09T10:21:58+00:00\",\"description\":\"\u0130\u00e7 mimarl\u0131k, i\u00e7 dekorasyon, kafe konsept tasar\u0131m, mekan konsept tasar\u0131m\u0131 alan\u0131nda yapt\u0131\u011f\u0131m\u0131z projelerimiz.\",\"breadcrumb\":{\"@id\":\"https:\/\/www.armeda.com.tr\/tr\/projeler\/yamedina\/#breadcrumb\"},\"inLanguage\":\"tr-TR\",\"potentialAction\":[{\"@type\":\"ReadAction\",\"target\":[\"https:\/\/www.armeda.com.tr\/tr\/projeler\/yamedina\/\"]}]},{\"@type\":\"ImageObject\",\"inLanguage\":\"tr-TR\",\"@id\":\"https:\/\/www.armeda.com.tr\/tr\/projeler\/yamedina\/#primaryimage\",\"url\":\"https:\/\/www.armeda.com.tr\/wp-content\/uploads\/2023\/07\/YaMedina_1920-800-A.jpg\",\"contentUrl\":\"https:\/\/www.armeda.com.tr\/wp-content\/uploads\/2023\/07\/YaMedina_1920-800-A.jpg\",\"width\":1920,\"height\":800},{\"@type\":\"BreadcrumbList\",\"@id\":\"https:\/\/www.armeda.com.tr\/tr\/projeler\/yamedina\/#breadcrumb\",\"itemListElement\":[{\"@type\":\"ListItem\",\"position\":1,\"name\":\"Ana sayfa\",\"item\":\"https:\/\/www.armeda.com.tr\/tr\/\"},{\"@type\":\"ListItem\",\"position\":2,\"name\":\"Portfolio\",\"item\":\"https:\/\/www.armeda.com.tr\/tr\/projeler\/\"},{\"@type\":\"ListItem\",\"position\":3,\"name\":\"YA MEDINA\"}]},{\"@type\":\"WebSite\",\"@id\":\"https:\/\/www.armeda.com.tr\/#website\",\"url\":\"https:\/\/www.armeda.com.tr\/\",\"name\":\"Armeda \u0130&ccedil; Mimarl\u0131k\",\"description\":\"\u0130&ccedil; Dekorasyon ve Konsept Tasar\u0131m Projeleri\",\"publisher\":{\"@id\":\"https:\/\/www.armeda.com.tr\/#organization\"},\"potentialAction\":[{\"@type\":\"SearchAction\",\"target\":{\"@type\":\"EntryPoint\",\"urlTemplate\":\"https:\/\/www.armeda.com.tr\/?s={search_term_string}\"},\"query-input\":{\"@type\":\"PropertyValueSpecification\",\"valueRequired\":true,\"valueName\":\"search_term_string\"}}],\"inLanguage\":\"tr-TR\"},{\"@type\":\"Organization\",\"@id\":\"https:\/\/www.armeda.com.tr\/#organization\",\"name\":\"Armeda \u0130\u00e7 Mimarl\u0131k Ofisi\",\"url\":\"https:\/\/www.armeda.com.tr\/\",\"logo\":{\"@type\":\"ImageObject\",\"inLanguage\":\"tr-TR\",\"@id\":\"https:\/\/www.armeda.com.tr\/#\/schema\/logo\/image\/\",\"url\":\"https:\/\/www.armeda.com.tr\/wp-content\/uploads\/2020\/04\/armedaLogo-01.png\",\"contentUrl\":\"https:\/\/www.armeda.com.tr\/wp-content\/uploads\/2020\/04\/armedaLogo-01.png\",\"width\":4167,\"height\":1126,\"caption\":\"Armeda \u0130\u00e7 Mimarl\u0131k Ofisi\"},\"image\":{\"@id\":\"https:\/\/www.armeda.com.tr\/#\/schema\/logo\/image\/\"},\"sameAs\":[\"https:\/\/www.facebook.com\/armedaicmimarlik\",\"https:\/\/x.com\/armeda_ic_mim\",\"https:\/\/www.instagram.com\/armedaicmimarlik\/\",\"https:\/\/www.linkedin.com\/company\/armeda-ic-mimarl\u0131k\/\",\"https:\/\/tr.pinterest.com\/armedaicmimarlik\/\",\"https:\/\/www.youtube.com\/channel\/UCbJk00ySzF1IF4mopBDpApQ\"]}]}<\/script>\n<!-- \/ Yoast SEO plugin. -->","yoast_head_json":{"title":"YA MEDINA","description":"\u0130\u00e7 mimarl\u0131k, i\u00e7 dekorasyon, kafe konsept tasar\u0131m, mekan konsept tasar\u0131m\u0131 alan\u0131nda yapt\u0131\u011f\u0131m\u0131z projelerimiz.","robots":{"index":"index","follow":"follow","max-snippet":"max-snippet:-1","max-image-preview":"max-image-preview:large","max-video-preview":"max-video-preview:-1"},"canonical":"https:\/\/www.armeda.com.tr\/tr\/projeler\/yamedina\/","og_locale":"tr_TR","og_type":"article","og_title":"[:tr]YA MEDINA[:en]YA MEDINA[:de]YA MEDINA[:] | Armeda \u0130&ccedil; Mimarl\u0131k","og_description":"\u0130\u00e7 mimarl\u0131k, i\u00e7 dekorasyon, kafe konsept tasar\u0131m, mekan konsept tasar\u0131m\u0131 alan\u0131nda yapt\u0131\u011f\u0131m\u0131z projelerimiz.","og_url":"https:\/\/www.armeda.com.tr\/tr\/projeler\/yamedina\/","og_site_name":"Armeda \u0130&ccedil; Mimarl\u0131k","article_publisher":"https:\/\/www.facebook.com\/armedaicmimarlik","article_modified_time":"2025-04-09T10:21:58+00:00","og_image":[{"width":1920,"height":800,"url":"https:\/\/www.armeda.com.tr\/wp-content\/uploads\/2023\/07\/YaMedina_1920-800-A.jpg","type":"image\/jpeg"}],"twitter_card":"summary_large_image","twitter_site":"@armeda_ic_mim","twitter_misc":{"Tahmini okuma s\u00fcresi":"3 dakika"},"schema":{"@context":"https:\/\/schema.org","@graph":[{"@type":"WebPage","@id":"https:\/\/www.armeda.com.tr\/tr\/projeler\/yamedina\/","url":"https:\/\/www.armeda.com.tr\/tr\/projeler\/yamedina\/","name":"YA MEDINA","isPartOf":{"@id":"https:\/\/www.armeda.com.tr\/#website"},"primaryImageOfPage":{"@id":"https:\/\/www.armeda.com.tr\/tr\/projeler\/yamedina\/#primaryimage"},"image":{"@id":"https:\/\/www.armeda.com.tr\/tr\/projeler\/yamedina\/#primaryimage"},"thumbnailUrl":"https:\/\/www.armeda.com.tr\/wp-content\/uploads\/2023\/07\/YaMedina_1920-800-A.jpg","datePublished":"2024-02-29T21:01:56+00:00","dateModified":"2025-04-09T10:21:58+00:00","description":"\u0130\u00e7 mimarl\u0131k, i\u00e7 dekorasyon, kafe konsept tasar\u0131m, mekan konsept tasar\u0131m\u0131 alan\u0131nda yapt\u0131\u011f\u0131m\u0131z projelerimiz.","breadcrumb":{"@id":"https:\/\/www.armeda.com.tr\/tr\/projeler\/yamedina\/#breadcrumb"},"inLanguage":"tr-TR","potentialAction":[{"@type":"ReadAction","target":["https:\/\/www.armeda.com.tr\/tr\/projeler\/yamedina\/"]}]},{"@type":"ImageObject","inLanguage":"tr-TR","@id":"https:\/\/www.armeda.com.tr\/tr\/projeler\/yamedina\/#primaryimage","url":"https:\/\/www.armeda.com.tr\/wp-content\/uploads\/2023\/07\/YaMedina_1920-800-A.jpg","contentUrl":"https:\/\/www.armeda.com.tr\/wp-content\/uploads\/2023\/07\/YaMedina_1920-800-A.jpg","width":1920,"height":800},{"@type":"BreadcrumbList","@id":"https:\/\/www.armeda.com.tr\/tr\/projeler\/yamedina\/#breadcrumb","itemListElement":[{"@type":"ListItem","position":1,"name":"Ana sayfa","item":"https:\/\/www.armeda.com.tr\/tr\/"},{"@type":"ListItem","position":2,"name":"Portfolio","item":"https:\/\/www.armeda.com.tr\/tr\/projeler\/"},{"@type":"ListItem","position":3,"name":"YA MEDINA"}]},{"@type":"WebSite","@id":"https:\/\/www.armeda.com.tr\/#website","url":"https:\/\/www.armeda.com.tr\/","name":"Armeda \u0130&ccedil; Mimarl\u0131k","description":"\u0130&ccedil; Dekorasyon ve Konsept Tasar\u0131m Projeleri","publisher":{"@id":"https:\/\/www.armeda.com.tr\/#organization"},"potentialAction":[{"@type":"SearchAction","target":{"@type":"EntryPoint","urlTemplate":"https:\/\/www.armeda.com.tr\/?s={search_term_string}"},"query-input":{"@type":"PropertyValueSpecification","valueRequired":true,"valueName":"search_term_string"}}],"inLanguage":"tr-TR"},{"@type":"Organization","@id":"https:\/\/www.armeda.com.tr\/#organization","name":"Armeda \u0130\u00e7 Mimarl\u0131k Ofisi","url":"https:\/\/www.armeda.com.tr\/","logo":{"@type":"ImageObject","inLanguage":"tr-TR","@id":"https:\/\/www.armeda.com.tr\/#\/schema\/logo\/image\/","url":"https:\/\/www.armeda.com.tr\/wp-content\/uploads\/2020\/04\/armedaLogo-01.png","contentUrl":"https:\/\/www.armeda.com.tr\/wp-content\/uploads\/2020\/04\/armedaLogo-01.png","width":4167,"height":1126,"caption":"Armeda \u0130\u00e7 Mimarl\u0131k Ofisi"},"image":{"@id":"https:\/\/www.armeda.com.tr\/#\/schema\/logo\/image\/"},"sameAs":["https:\/\/www.facebook.com\/armedaicmimarlik","https:\/\/x.com\/armeda_ic_mim","https:\/\/www.instagram.com\/armedaicmimarlik\/","https:\/\/www.linkedin.com\/company\/armeda-ic-mimarl\u0131k\/","https:\/\/tr.pinterest.com\/armedaicmimarlik\/","https:\/\/www.youtube.com\/channel\/UCbJk00ySzF1IF4mopBDpApQ"]}]}},"_links":{"self":[{"href":"https:\/\/www.armeda.com.tr\/tr\/wp-json\/wp\/v2\/portfolio\/7219","targetHints":{"allow":["GET"]}}],"collection":[{"href":"https:\/\/www.armeda.com.tr\/tr\/wp-json\/wp\/v2\/portfolio"}],"about":[{"href":"https:\/\/www.armeda.com.tr\/tr\/wp-json\/wp\/v2\/types\/portfolio"}],"author":[{"embeddable":true,"href":"https:\/\/www.armeda.com.tr\/tr\/wp-json\/wp\/v2\/users\/2"}],"replies":[{"embeddable":true,"href":"https:\/\/www.armeda.com.tr\/tr\/wp-json\/wp\/v2\/comments?post=7219"}],"version-history":[{"count":11,"href":"https:\/\/www.armeda.com.tr\/tr\/wp-json\/wp\/v2\/portfolio\/7219\/revisions"}],"predecessor-version":[{"id":8838,"href":"https:\/\/www.armeda.com.tr\/tr\/wp-json\/wp\/v2\/portfolio\/7219\/revisions\/8838"}],"wp:featuredmedia":[{"embeddable":true,"href":"https:\/\/www.armeda.com.tr\/tr\/wp-json\/wp\/v2\/media\/7236"}],"wp:attachment":[{"href":"https:\/\/www.armeda.com.tr\/tr\/wp-json\/wp\/v2\/media?parent=7219"}],"wp:term":[{"taxonomy":"portfolio_category","embeddable":true,"href":"https:\/\/www.armeda.com.tr\/tr\/wp-json\/wp\/v2\/portfolio_category?post=7219"},{"taxonomy":"portfolio_tag","embeddable":true,"href":"https:\/\/www.armeda.com.tr\/tr\/wp-json\/wp\/v2\/portfolio_tag?post=7219"}],"curies":[{"name":"wp","href":"https:\/\/api.w.org\/{rel}","templated":true}]}}