{"id":5815,"date":"2024-03-01T00:07:56","date_gmt":"2024-02-29T21:07:56","guid":{"rendered":"https:\/\/www.armeda.com.tr\/portfolio\/kavak-2\/"},"modified":"2025-04-09T12:53:12","modified_gmt":"2025-04-09T09:53:12","slug":"medinamannheim","status":"publish","type":"portfolio","link":"https:\/\/www.armeda.com.tr\/tr\/projeler\/medinamannheim\/","title":{"rendered":"MEDINA MANNHEIM"},"content":{"rendered":"<div class=\"wpb-content-wrapper\"><p>[vc_row el_id=&#8221;projelerid&#8221;][vc_column width=&#8221;2\/6&#8243;][lab_heading title=&#8221;MED\u0130NA Mannheim&#8221;][\/lab_heading][\/vc_column][vc_column width=&#8221;1\/6&#8243;][\/vc_column][vc_column width=&#8221;1\/6&#8243;][\/vc_column][vc_column width=&#8221;1\/6&#8243;][\/vc_column][vc_column width=&#8221;1\/6&#8243;][\/vc_column][\/vc_row][vc_row][vc_column][vc_single_image image=&#8221;7214&#8243; img_size=&#8221;full&#8221; alignment=&#8221;center&#8221;][\/vc_column][\/vc_row][vc_row][vc_column width=&#8221;1\/2&#8243;][vc_column_text]<span style=\"color: #000000; font-weight: 500;\"> Frankfurt\u2019ta &#8220;Medina Steak House&#8221; isimli restoran sahipleri Mannheim&#8217;de tuttuklar\u0131 yeni mekan\u0131n i\u00e7inde bir T\u00fcrk K\u00f6\u015fesi istediler. Biz de mekan ve \u00e7evresel potansiyel \u00fczerine \u00e7\u00f6z\u00fcmlemelerimize ba\u015flad\u0131\u011f\u0131m\u0131zda konuyu sadece bir T\u00fcrk K\u00f6\u015fesi olarak bakmad\u0131k. T\u00fcrk m\u00fc\u015fteriler kadar yabanc\u0131lara da hitab edece\u011fi i\u00e7in zaman ve kimli\u011fi daha geni\u015f tutarak oryantal bir yakla\u015f\u0131m belirledik.<\/span><\/p>\n<p><span style=\"color: #444444;\"> M\u00fc\u015fterinin \u00f6zellikle istedi\u011fi Osmanl\u0131 etkisi g\u00fc\u00e7l\u00fc olarak vurgulan\u0131rken arabesk unsurlar da kullan\u0131ld\u0131. \u00d6rne\u011fin oturma gruplar\u0131nda tamamen Magribi stil belirlendi. Mekan\u0131n b\u00fct\u00fcn\u00fcne yay\u0131lan motiflerde sadece Osmanl\u0131 Sel\u00e7uklu de\u011fil, Emevi&#8217;lere kadar uzanan bir k\u00fclt\u00fcr var. Do\u011fuya ait renklerin kontrast\u0131n\u0131n yer yer abart\u0131l\u0131 olarak kullan\u0131m\u0131 tercih edildi. Otantik unsurlar\u0131n belli bir dereceye kadar modernize edildi\u011fi samimi, s\u0131cak bir mekan olu\u015fturuldu.<\/span><\/p>\n<p><span style=\"color: #444444;\"> Aksesuar se\u00e7iminde Osmanl\u0131 d\u00f6nemini ifade eden tablolar, alemler, sark\u0131tlar ve kuma\u015flar kullan\u0131ld\u0131. Sonu\u00e7 olarak do\u011funun T\u00fcrk-Osmanl\u0131 vurgusuyla deneyimlendi\u011fi bir mekan olu\u015ftu. \u0130\u015fveren, tasar\u0131mc\u0131 ve m\u00fc\u015fteri kitlesini tatmin eden bu alan; tekrar bu konseptin kullan\u0131laca\u011f\u0131 yeni bir restoran a\u00e7ma fikrini olu\u015fturdu.<\/span>[\/vc_column_text][\/vc_column][vc_column width=&#8221;1\/2&#8243;][vc_media_grid grid_id=&#8221;vc_gid:1709310437797-8616d9bb-4798-1&#8243; include=&#8221;7215,7216,7250&#8243;][\/vc_column][\/vc_row][vc_row][vc_column width=&#8221;1\/2&#8243;][vc_column_text]<\/p>\n<table>\n<tbody>\n<tr>\n<td class=\"sol\">\u0130\u015eVEREN<\/td>\n<td class=\"sag\">Medina Steakhouse<\/td>\n<\/tr>\n<tr>\n<td class=\"sol\">M\u0130MAR\u0130 H\u0130ZMET<\/td>\n<td class=\"sag\">Proje tasar\u0131m ve uygulama<\/td>\n<\/tr>\n<tr>\n<td class=\"sol\">TAR\u0130H-LOKASYON<\/td>\n<td class=\"sag\">2021 Mart &#8211; Mannheim \/ Almanya<\/td>\n<\/tr>\n<tr>\n<td class=\"sol\">PROJE EK\u0130B\u0130<\/td>\n<td class=\"sag\">Armeda-Teknogon<\/td>\n<\/tr>\n<\/tbody>\n<\/table>\n<p>[\/vc_column_text][\/vc_column][vc_column width=&#8221;1\/2&#8243;][\/vc_column][\/vc_row][vc_row disable_element=&#8221;yes&#8221;][vc_column width=&#8221;1\/4&#8243;][caw_button btn_text=&#8221;KAVAK&#8221; btn_iconpos=&#8221;left&#8221; btn_link=&#8221;url:https%3A%2F%2Fwww.armeda.com.tr%2Fprojeler%2Fkavak%2F|title:KAVAK&#8221; btn_color=&#8221;#000000&#8243; btn_background_color=&#8221;#ffffff&#8221; btn_font_size=&#8221;18px&#8221; btn_hvr_color=&#8221;#dd3333&#8243; btn_hvr_background_color=&#8221;#ffffff&#8221; btn_fontawesome=&#8221;fas fa-arrow-left&#8221;][\/vc_column][vc_column width=&#8221;1\/4&#8243;][\/vc_column][vc_column width=&#8221;1\/4&#8243;][\/vc_column][vc_column width=&#8221;1\/4&#8243;][caw_button btn_alignment=&#8221;right&#8221; btn_text=&#8221;P\u0130&#8221; btn_iconpos=&#8221;right&#8221; btn_link=&#8221;url:https%3A%2F%2Fwww.armeda.com.tr%2Fprojeler%2Fpi%2F|title:P%C4%B0&#8243; btn_color=&#8221;#000000&#8243; btn_background_color=&#8221;#ffffff&#8221; btn_font_size=&#8221;18px&#8221; btn_hvr_color=&#8221;#dd3333&#8243; btn_hvr_background_color=&#8221;#ffffff&#8221; btn_fontawesome=&#8221;fas fa-arrow-right&#8221;][\/vc_column][\/vc_row]<\/p>\n<\/div>","protected":false},"excerpt":{"rendered":"<p>[vc_row el_id=&#8221;projelerid&#8221;][vc_column width=&#8221;2\/6&#8243;][lab_heading title=&#8221;MED\u0130NA Mannheim&#8221;][\/lab_heading][\/vc_column][vc_column width=&#8221;1\/6&#8243;][\/vc_column][vc_column width=&#8221;1\/6&#8243;][\/vc_column][vc_column width=&#8221;1\/6&#8243;][\/vc_column][vc_column width=&#8221;1\/6&#8243;][\/vc_column][\/vc_row][vc_row][vc_column][vc_single_image image=&#8221;7214&#8243; img_size=&#8221;full&#8221; alignment=&#8221;center&#8221;][\/vc_column][\/vc_row][vc_row][vc_column width=&#8221;1\/2&#8243;][vc_column_text] Frankfurt\u2019ta &#8220;Medina Steak House&#8221; isimli restoran sahipleri Mannheim&#8217;de tuttuklar\u0131 yeni mekan\u0131n i\u00e7inde bir T\u00fcrk K\u00f6\u015fesi istediler. Biz de mekan ve \u00e7evresel potansiyel \u00fczerine \u00e7\u00f6z\u00fcmlemelerimize ba\u015flad\u0131\u011f\u0131m\u0131zda konuyu sadece bir T\u00fcrk K\u00f6\u015fesi olarak bakmad\u0131k. T\u00fcrk m\u00fc\u015fteriler kadar yabanc\u0131lara da hitab edece\u011fi i\u00e7in zaman ve&hellip;<\/p>\n","protected":false},"author":2,"featured_media":7214,"comment_status":"closed","ping_status":"closed","template":"","meta":{"_acf_changed":false,"footnotes":""},"portfolio_category":[279,183],"portfolio_tag":[],"class_list":["post-5815","portfolio","type-portfolio","status-publish","has-post-thumbnail","hentry","portfolio_category-gastronomi","portfolio_category-projeler"],"acf":[],"yoast_head":"<!-- This site is optimized with the Yoast SEO plugin v26.2 - https:\/\/yoast.com\/wordpress\/plugins\/seo\/ -->\n<title>MEDINA MANNHEIM<\/title>\n<meta name=\"description\" content=\"\u0130\u00e7 mimarl\u0131k, i\u00e7 dekorasyon, kafe konsept tasar\u0131m, mekan konsept tasar\u0131m\u0131 alan\u0131nda yapt\u0131\u011f\u0131m\u0131z projelerimiz.\" \/>\n<meta name=\"robots\" content=\"index, follow, max-snippet:-1, max-image-preview:large, max-video-preview:-1\" \/>\n<link rel=\"canonical\" href=\"https:\/\/www.armeda.com.tr\/tr\/projeler\/medinamannheim\/\" \/>\n<meta property=\"og:locale\" content=\"tr_TR\" \/>\n<meta property=\"og:locale:alternate\" content=\"en_GB\" \/>\n<meta property=\"og:locale:alternate\" content=\"de_DE\" \/>\n<meta property=\"og:type\" content=\"article\" \/>\n<meta property=\"og:title\" content=\"MEDINA MANNHEIM\" \/>\n<meta property=\"og:description\" content=\"\u0130\u00e7 mimarl\u0131k, i\u00e7 dekorasyon, kafe konsept tasar\u0131m, mekan konsept tasar\u0131m\u0131 alan\u0131nda yapt\u0131\u011f\u0131m\u0131z projelerimiz.\" \/>\n<meta property=\"og:url\" content=\"https:\/\/www.armeda.com.tr\/tr\/projeler\/medinamannheim\/\" \/>\n<meta property=\"og:site_name\" content=\"Armeda \u0130&ccedil; Mimarl\u0131k\" \/>\n<meta property=\"article:publisher\" content=\"https:\/\/www.facebook.com\/armedaicmimarlik\" \/>\n<meta property=\"article:modified_time\" content=\"2025-04-09T09:53:12+00:00\" \/>\n<meta property=\"og:image\" content=\"https:\/\/www.armeda.com.tr\/wp-content\/uploads\/2024\/02\/MedinaManheim_1920-800.jpg\" \/>\n\t<meta property=\"og:image:width\" content=\"1920\" \/>\n\t<meta property=\"og:image:height\" content=\"800\" \/>\n\t<meta property=\"og:image:type\" content=\"image\/jpeg\" \/>\n<meta name=\"twitter:card\" content=\"summary_large_image\" \/>\n<meta name=\"twitter:site\" content=\"@armeda_ic_mim\" \/>\n<meta name=\"twitter:label1\" content=\"Tahmini okuma s\u00fcresi\" \/>\n\t<meta name=\"twitter:data1\" content=\"3 dakika\" \/>\n<script type=\"application\/ld+json\" class=\"yoast-schema-graph\">{\"@context\":\"https:\/\/schema.org\",\"@graph\":[{\"@type\":\"WebPage\",\"@id\":\"https:\/\/www.armeda.com.tr\/tr\/projeler\/medinamannheim\/\",\"url\":\"https:\/\/www.armeda.com.tr\/tr\/projeler\/medinamannheim\/\",\"name\":\"MEDINA MANNHEIM\",\"isPartOf\":{\"@id\":\"https:\/\/www.armeda.com.tr\/#website\"},\"primaryImageOfPage\":{\"@id\":\"https:\/\/www.armeda.com.tr\/tr\/projeler\/medinamannheim\/#primaryimage\"},\"image\":{\"@id\":\"https:\/\/www.armeda.com.tr\/tr\/projeler\/medinamannheim\/#primaryimage\"},\"thumbnailUrl\":\"https:\/\/www.armeda.com.tr\/wp-content\/uploads\/2024\/02\/MedinaManheim_1920-800.jpg\",\"datePublished\":\"2024-02-29T21:07:56+00:00\",\"dateModified\":\"2025-04-09T09:53:12+00:00\",\"description\":\"\u0130\u00e7 mimarl\u0131k, i\u00e7 dekorasyon, kafe konsept tasar\u0131m, mekan konsept tasar\u0131m\u0131 alan\u0131nda yapt\u0131\u011f\u0131m\u0131z projelerimiz.\",\"breadcrumb\":{\"@id\":\"https:\/\/www.armeda.com.tr\/tr\/projeler\/medinamannheim\/#breadcrumb\"},\"inLanguage\":\"tr-TR\",\"potentialAction\":[{\"@type\":\"ReadAction\",\"target\":[\"https:\/\/www.armeda.com.tr\/tr\/projeler\/medinamannheim\/\"]}]},{\"@type\":\"ImageObject\",\"inLanguage\":\"tr-TR\",\"@id\":\"https:\/\/www.armeda.com.tr\/tr\/projeler\/medinamannheim\/#primaryimage\",\"url\":\"https:\/\/www.armeda.com.tr\/wp-content\/uploads\/2024\/02\/MedinaManheim_1920-800.jpg\",\"contentUrl\":\"https:\/\/www.armeda.com.tr\/wp-content\/uploads\/2024\/02\/MedinaManheim_1920-800.jpg\",\"width\":1920,\"height\":800},{\"@type\":\"BreadcrumbList\",\"@id\":\"https:\/\/www.armeda.com.tr\/tr\/projeler\/medinamannheim\/#breadcrumb\",\"itemListElement\":[{\"@type\":\"ListItem\",\"position\":1,\"name\":\"Ana sayfa\",\"item\":\"https:\/\/www.armeda.com.tr\/tr\/\"},{\"@type\":\"ListItem\",\"position\":2,\"name\":\"Portfolio\",\"item\":\"https:\/\/www.armeda.com.tr\/tr\/projeler\/\"},{\"@type\":\"ListItem\",\"position\":3,\"name\":\"MEDINA MANNHEIM\"}]},{\"@type\":\"WebSite\",\"@id\":\"https:\/\/www.armeda.com.tr\/#website\",\"url\":\"https:\/\/www.armeda.com.tr\/\",\"name\":\"Armeda \u0130&ccedil; Mimarl\u0131k\",\"description\":\"\u0130&ccedil; Dekorasyon ve Konsept Tasar\u0131m Projeleri\",\"publisher\":{\"@id\":\"https:\/\/www.armeda.com.tr\/#organization\"},\"potentialAction\":[{\"@type\":\"SearchAction\",\"target\":{\"@type\":\"EntryPoint\",\"urlTemplate\":\"https:\/\/www.armeda.com.tr\/?s={search_term_string}\"},\"query-input\":{\"@type\":\"PropertyValueSpecification\",\"valueRequired\":true,\"valueName\":\"search_term_string\"}}],\"inLanguage\":\"tr-TR\"},{\"@type\":\"Organization\",\"@id\":\"https:\/\/www.armeda.com.tr\/#organization\",\"name\":\"Armeda \u0130\u00e7 Mimarl\u0131k Ofisi\",\"url\":\"https:\/\/www.armeda.com.tr\/\",\"logo\":{\"@type\":\"ImageObject\",\"inLanguage\":\"tr-TR\",\"@id\":\"https:\/\/www.armeda.com.tr\/#\/schema\/logo\/image\/\",\"url\":\"https:\/\/www.armeda.com.tr\/wp-content\/uploads\/2020\/04\/armedaLogo-01.png\",\"contentUrl\":\"https:\/\/www.armeda.com.tr\/wp-content\/uploads\/2020\/04\/armedaLogo-01.png\",\"width\":4167,\"height\":1126,\"caption\":\"Armeda \u0130\u00e7 Mimarl\u0131k Ofisi\"},\"image\":{\"@id\":\"https:\/\/www.armeda.com.tr\/#\/schema\/logo\/image\/\"},\"sameAs\":[\"https:\/\/www.facebook.com\/armedaicmimarlik\",\"https:\/\/x.com\/armeda_ic_mim\",\"https:\/\/www.instagram.com\/armedaicmimarlik\/\",\"https:\/\/www.linkedin.com\/company\/armeda-ic-mimarl\u0131k\/\",\"https:\/\/tr.pinterest.com\/armedaicmimarlik\/\",\"https:\/\/www.youtube.com\/channel\/UCbJk00ySzF1IF4mopBDpApQ\"]}]}<\/script>\n<!-- \/ Yoast SEO plugin. -->","yoast_head_json":{"title":"MEDINA MANNHEIM","description":"\u0130\u00e7 mimarl\u0131k, i\u00e7 dekorasyon, kafe konsept tasar\u0131m, mekan konsept tasar\u0131m\u0131 alan\u0131nda yapt\u0131\u011f\u0131m\u0131z projelerimiz.","robots":{"index":"index","follow":"follow","max-snippet":"max-snippet:-1","max-image-preview":"max-image-preview:large","max-video-preview":"max-video-preview:-1"},"canonical":"https:\/\/www.armeda.com.tr\/tr\/projeler\/medinamannheim\/","og_locale":"tr_TR","og_type":"article","og_title":"[:tr]MEDINA MANNHEIM[:en]MEDINA MANNHEIM[:de]MEDINA MANNHEIM[:] | Armeda \u0130&ccedil; Mimarl\u0131k","og_description":"\u0130\u00e7 mimarl\u0131k, i\u00e7 dekorasyon, kafe konsept tasar\u0131m, mekan konsept tasar\u0131m\u0131 alan\u0131nda yapt\u0131\u011f\u0131m\u0131z projelerimiz.","og_url":"https:\/\/www.armeda.com.tr\/tr\/projeler\/medinamannheim\/","og_site_name":"Armeda \u0130&ccedil; Mimarl\u0131k","article_publisher":"https:\/\/www.facebook.com\/armedaicmimarlik","article_modified_time":"2025-04-09T09:53:12+00:00","og_image":[{"width":1920,"height":800,"url":"https:\/\/www.armeda.com.tr\/wp-content\/uploads\/2024\/02\/MedinaManheim_1920-800.jpg","type":"image\/jpeg"}],"twitter_card":"summary_large_image","twitter_site":"@armeda_ic_mim","twitter_misc":{"Tahmini okuma s\u00fcresi":"3 dakika"},"schema":{"@context":"https:\/\/schema.org","@graph":[{"@type":"WebPage","@id":"https:\/\/www.armeda.com.tr\/tr\/projeler\/medinamannheim\/","url":"https:\/\/www.armeda.com.tr\/tr\/projeler\/medinamannheim\/","name":"MEDINA MANNHEIM","isPartOf":{"@id":"https:\/\/www.armeda.com.tr\/#website"},"primaryImageOfPage":{"@id":"https:\/\/www.armeda.com.tr\/tr\/projeler\/medinamannheim\/#primaryimage"},"image":{"@id":"https:\/\/www.armeda.com.tr\/tr\/projeler\/medinamannheim\/#primaryimage"},"thumbnailUrl":"https:\/\/www.armeda.com.tr\/wp-content\/uploads\/2024\/02\/MedinaManheim_1920-800.jpg","datePublished":"2024-02-29T21:07:56+00:00","dateModified":"2025-04-09T09:53:12+00:00","description":"\u0130\u00e7 mimarl\u0131k, i\u00e7 dekorasyon, kafe konsept tasar\u0131m, mekan konsept tasar\u0131m\u0131 alan\u0131nda yapt\u0131\u011f\u0131m\u0131z projelerimiz.","breadcrumb":{"@id":"https:\/\/www.armeda.com.tr\/tr\/projeler\/medinamannheim\/#breadcrumb"},"inLanguage":"tr-TR","potentialAction":[{"@type":"ReadAction","target":["https:\/\/www.armeda.com.tr\/tr\/projeler\/medinamannheim\/"]}]},{"@type":"ImageObject","inLanguage":"tr-TR","@id":"https:\/\/www.armeda.com.tr\/tr\/projeler\/medinamannheim\/#primaryimage","url":"https:\/\/www.armeda.com.tr\/wp-content\/uploads\/2024\/02\/MedinaManheim_1920-800.jpg","contentUrl":"https:\/\/www.armeda.com.tr\/wp-content\/uploads\/2024\/02\/MedinaManheim_1920-800.jpg","width":1920,"height":800},{"@type":"BreadcrumbList","@id":"https:\/\/www.armeda.com.tr\/tr\/projeler\/medinamannheim\/#breadcrumb","itemListElement":[{"@type":"ListItem","position":1,"name":"Ana sayfa","item":"https:\/\/www.armeda.com.tr\/tr\/"},{"@type":"ListItem","position":2,"name":"Portfolio","item":"https:\/\/www.armeda.com.tr\/tr\/projeler\/"},{"@type":"ListItem","position":3,"name":"MEDINA MANNHEIM"}]},{"@type":"WebSite","@id":"https:\/\/www.armeda.com.tr\/#website","url":"https:\/\/www.armeda.com.tr\/","name":"Armeda \u0130&ccedil; Mimarl\u0131k","description":"\u0130&ccedil; Dekorasyon ve Konsept Tasar\u0131m Projeleri","publisher":{"@id":"https:\/\/www.armeda.com.tr\/#organization"},"potentialAction":[{"@type":"SearchAction","target":{"@type":"EntryPoint","urlTemplate":"https:\/\/www.armeda.com.tr\/?s={search_term_string}"},"query-input":{"@type":"PropertyValueSpecification","valueRequired":true,"valueName":"search_term_string"}}],"inLanguage":"tr-TR"},{"@type":"Organization","@id":"https:\/\/www.armeda.com.tr\/#organization","name":"Armeda \u0130\u00e7 Mimarl\u0131k Ofisi","url":"https:\/\/www.armeda.com.tr\/","logo":{"@type":"ImageObject","inLanguage":"tr-TR","@id":"https:\/\/www.armeda.com.tr\/#\/schema\/logo\/image\/","url":"https:\/\/www.armeda.com.tr\/wp-content\/uploads\/2020\/04\/armedaLogo-01.png","contentUrl":"https:\/\/www.armeda.com.tr\/wp-content\/uploads\/2020\/04\/armedaLogo-01.png","width":4167,"height":1126,"caption":"Armeda \u0130\u00e7 Mimarl\u0131k Ofisi"},"image":{"@id":"https:\/\/www.armeda.com.tr\/#\/schema\/logo\/image\/"},"sameAs":["https:\/\/www.facebook.com\/armedaicmimarlik","https:\/\/x.com\/armeda_ic_mim","https:\/\/www.instagram.com\/armedaicmimarlik\/","https:\/\/www.linkedin.com\/company\/armeda-ic-mimarl\u0131k\/","https:\/\/tr.pinterest.com\/armedaicmimarlik\/","https:\/\/www.youtube.com\/channel\/UCbJk00ySzF1IF4mopBDpApQ"]}]}},"_links":{"self":[{"href":"https:\/\/www.armeda.com.tr\/tr\/wp-json\/wp\/v2\/portfolio\/5815","targetHints":{"allow":["GET"]}}],"collection":[{"href":"https:\/\/www.armeda.com.tr\/tr\/wp-json\/wp\/v2\/portfolio"}],"about":[{"href":"https:\/\/www.armeda.com.tr\/tr\/wp-json\/wp\/v2\/types\/portfolio"}],"author":[{"embeddable":true,"href":"https:\/\/www.armeda.com.tr\/tr\/wp-json\/wp\/v2\/users\/2"}],"replies":[{"embeddable":true,"href":"https:\/\/www.armeda.com.tr\/tr\/wp-json\/wp\/v2\/comments?post=5815"}],"version-history":[{"count":13,"href":"https:\/\/www.armeda.com.tr\/tr\/wp-json\/wp\/v2\/portfolio\/5815\/revisions"}],"predecessor-version":[{"id":8832,"href":"https:\/\/www.armeda.com.tr\/tr\/wp-json\/wp\/v2\/portfolio\/5815\/revisions\/8832"}],"wp:featuredmedia":[{"embeddable":true,"href":"https:\/\/www.armeda.com.tr\/tr\/wp-json\/wp\/v2\/media\/7214"}],"wp:attachment":[{"href":"https:\/\/www.armeda.com.tr\/tr\/wp-json\/wp\/v2\/media?parent=5815"}],"wp:term":[{"taxonomy":"portfolio_category","embeddable":true,"href":"https:\/\/www.armeda.com.tr\/tr\/wp-json\/wp\/v2\/portfolio_category?post=5815"},{"taxonomy":"portfolio_tag","embeddable":true,"href":"https:\/\/www.armeda.com.tr\/tr\/wp-json\/wp\/v2\/portfolio_tag?post=5815"}],"curies":[{"name":"wp","href":"https:\/\/api.w.org\/{rel}","templated":true}]}}