{"id":7335,"date":"2024-03-01T00:00:56","date_gmt":"2024-02-29T21:00:56","guid":{"rendered":"https:\/\/www.armeda.com.tr\/projeler\/istanbul-2\/"},"modified":"2025-04-09T13:26:35","modified_gmt":"2025-04-09T10:26:35","slug":"latife-doner","status":"publish","type":"portfolio","link":"https:\/\/www.armeda.com.tr\/en\/projeler\/latife-doner\/","title":{"rendered":"LAT\u0130FE D\u00d6NER"},"content":{"rendered":"<div class=\"wpb-content-wrapper\"><p>[vc_row el_id=&#8221;projelerid&#8221;][vc_column width=&#8221;2\/6&#8243;][vc_custom_heading text=&#8221;LAT\u0130FE D\u00f6ner&#8221; font_container=&#8221;tag:p|font_size:32|text_align:left|color:%23922829&#8243; google_fonts=&#8221;font_family:Raleway%3A100%2C200%2C300%2Cregular%2C500%2C600%2C700%2C800%2C900|font_style:700%20bold%20regular%3A700%3Anormal&#8221; css=&#8221;&#8221;][\/vc_column][vc_column width=&#8221;1\/6&#8243;][\/vc_column][vc_column width=&#8221;1\/6&#8243;][\/vc_column][vc_column width=&#8221;2\/6&#8243;][\/vc_column][\/vc_row][vc_row][vc_column][vc_single_image image=&#8221;7380&#8243; img_size=&#8221;full&#8221; alignment=&#8221;center&#8221; css=&#8221;&#8221;][\/vc_column][\/vc_row][vc_row][vc_column width=&#8221;1\/2&#8243;][vc_column_text css=&#8221;&#8221;]<span style=\"color: #000000; font-weight: 500;\"> Latite D\u00f6ner is more than just a visionary architectural project; it&#8217;s a brand positioning strategy planned according to the future of the region. Located in a spot near Ata\u015fehir that is currently outside the main social and commercial activity, it was designed with architectural choices that will attract the young professional target audience who currently spend their social lives outside the area. The aim is for it to stand out with its atmosphere as the region gradually integrates with Ata\u015fehir over time.<\/span><\/p>\n<p><span style=\"color: #444444;\">The concept of our venue was also created with an understanding that aligns with the region&#8217;s identity and potential, responds to identified user needs, and tells its own story. Situated in the midst of Business Shopping Centers, it is envisioned as a high-quality venue that will reflect the social structure that gathers here in line with the dynamics of the day, through its atmosphere, service, and consumption model.<\/span>[\/vc_column_text][\/vc_column][vc_column width=&#8221;1\/2&#8243;][vc_media_grid css=&#8221;&#8221; grid_id=&#8221;vc_gid:1743673683030-45842cd5-3176-3&#8243; include=&#8221;7382,7383,7384,7385,7386,7387,7388&#8243;][\/vc_column][\/vc_row][vc_row][vc_column width=&#8221;1\/2&#8243;][vc_column_text css=&#8221;&#8221;]<\/p>\n<table>\n<tbody>\n<tr>\n<td class=\"sol\">CLIENT<\/td>\n<td class=\"sag\">Avrupa Tekstil<\/td>\n<\/tr>\n<tr>\n<td class=\"sol\"><span class=\"HwtZe\" lang=\"en\"><span class=\"jCAhz ChMk0b\"><span class=\"ryNqvb\">ARCHITECTURAL SERVICE<\/span><\/span><\/span><\/td>\n<td class=\"sag\"><span class=\"HwtZe\" lang=\"en\"><span class=\"jCAhz ChMk0b\"><span class=\"ryNqvb\">Project design and implementation<\/span><\/span><\/span><\/td>\n<\/tr>\n<tr>\n<td class=\"sol\"><span class=\"HwtZe\" lang=\"en\"><span class=\"jCAhz ChMk0b\"><span class=\"ryNqvb\">DATE-LOCATION<\/span><\/span><\/span><\/td>\n<td class=\"sag\"><span class=\"HwtZe\" lang=\"en\"><span class=\"jCAhz ChMk0b\"><span class=\"ryNqvb\">July 2024 Tatl\u0131su\/\u00dcmraniye<\/span><\/span><\/span><\/td>\n<\/tr>\n<tr>\n<td class=\"sol\"><span class=\"HwtZe\" lang=\"en\"><span class=\"jCAhz ChMk0b\"><span class=\"ryNqvb\">PROJECT TEAM<\/span><\/span><\/span><\/td>\n<td class=\"sag\">Armeda<\/td>\n<\/tr>\n<\/tbody>\n<\/table>\n<p>[\/vc_column_text][\/vc_column][vc_column width=&#8221;1\/2&#8243;][\/vc_column][\/vc_row][vc_row disable_element=&#8221;yes&#8221;][vc_column width=&#8221;1\/4&#8243;][caw_button btn_text=&#8221;MAKAM&#8221; btn_iconpos=&#8221;left&#8221; btn_link=&#8221;url:https%3A%2F%2Fwww.armeda.com.tr%2Fprojeler%2Fmakam%2F|title:MAKAM&#8221; btn_color=&#8221;#000000&#8243; btn_background_color=&#8221;#ffffff&#8221; btn_hvr_color=&#8221;#dd3333&#8243; btn_hvr_background_color=&#8221;#ffffff&#8221; btn_fontawesome=&#8221;fas fa-arrow-left&#8221; btn_font_size=&#8221;18px&#8221;][\/vc_column][vc_column width=&#8221;1\/4&#8243;][\/vc_column][vc_column width=&#8221;1\/4&#8243;][\/vc_column][vc_column width=&#8221;1\/4&#8243;][\/vc_column][\/vc_row]<\/p>\n<\/div>","protected":false},"excerpt":{"rendered":"<p>[vc_row el_id=&#8221;projelerid&#8221;][vc_column width=&#8221;2\/6&#8243;][vc_custom_heading text=&#8221;LAT\u0130FE D\u00f6ner&#8221; font_container=&#8221;tag:p|font_size:32|text_align:left|color:%23922829&#8243; google_fonts=&#8221;font_family:Raleway%3A100%2C200%2C300%2Cregular%2C500%2C600%2C700%2C800%2C900|font_style:700%20bold%20regular%3A700%3Anormal&#8221; css=&#8221;&#8221;][\/vc_column][vc_column width=&#8221;1\/6&#8243;][\/vc_column][vc_column width=&#8221;1\/6&#8243;][\/vc_column][vc_column width=&#8221;2\/6&#8243;][\/vc_column][\/vc_row][vc_row][vc_column][vc_single_image image=&#8221;7380&#8243; img_size=&#8221;full&#8221; alignment=&#8221;center&#8221; css=&#8221;&#8221;][\/vc_column][\/vc_row][vc_row][vc_column width=&#8221;1\/2&#8243;][vc_column_text css=&#8221;&#8221;] Latite D\u00f6ner is more than just a visionary architectural project; it&#8217;s a brand positioning strategy planned according to the future of the region. Located in a spot near Ata\u015fehir that is currently outside the main social and commercial&hellip;<\/p>\n","protected":false},"author":2,"featured_media":7380,"comment_status":"closed","ping_status":"closed","template":"","meta":{"_acf_changed":false,"footnotes":""},"portfolio_category":[279,183],"portfolio_tag":[],"class_list":["post-7335","portfolio","type-portfolio","status-publish","has-post-thumbnail","hentry","portfolio_category-gastronomi","portfolio_category-projeler"],"acf":[],"yoast_head":"<!-- This site is optimized with the Yoast SEO plugin v26.2 - https:\/\/yoast.com\/wordpress\/plugins\/seo\/ -->\n<title>LAT\u0130FE D\u00d6NER<\/title>\n<meta name=\"description\" content=\"\u0130\u00e7 mimarl\u0131k, i\u00e7 dekorasyon, kafe konsept tasar\u0131m, mekan konsept tasar\u0131m\u0131 alan\u0131nda yapt\u0131\u011f\u0131m\u0131z projelerimiz.\" \/>\n<meta name=\"robots\" content=\"index, follow, max-snippet:-1, max-image-preview:large, max-video-preview:-1\" \/>\n<link rel=\"canonical\" href=\"https:\/\/www.armeda.com.tr\/en\/projeler\/latife-doner\/\" \/>\n<meta property=\"og:locale\" content=\"en_GB\" \/>\n<meta property=\"og:locale:alternate\" content=\"tr_TR\" \/>\n<meta property=\"og:locale:alternate\" content=\"de_DE\" \/>\n<meta property=\"og:type\" content=\"article\" \/>\n<meta property=\"og:title\" content=\"LAT\u0130FE D\u00d6NER\" \/>\n<meta property=\"og:description\" content=\"\u0130\u00e7 mimarl\u0131k, i\u00e7 dekorasyon, kafe konsept tasar\u0131m, mekan konsept tasar\u0131m\u0131 alan\u0131nda yapt\u0131\u011f\u0131m\u0131z projelerimiz.\" \/>\n<meta property=\"og:url\" content=\"https:\/\/www.armeda.com.tr\/en\/projeler\/latife-doner\/\" \/>\n<meta property=\"og:site_name\" content=\"Armeda \u0130&ccedil; Mimarl\u0131k\" \/>\n<meta property=\"article:publisher\" content=\"https:\/\/www.facebook.com\/armedaicmimarlik\" \/>\n<meta property=\"article:modified_time\" content=\"2025-04-09T10:26:35+00:00\" \/>\n<meta property=\"og:image\" content=\"https:\/\/www.armeda.com.tr\/wp-content\/uploads\/2024\/03\/Latife_1920-800-A.jpg\" \/>\n\t<meta property=\"og:image:width\" content=\"1920\" \/>\n\t<meta property=\"og:image:height\" content=\"800\" \/>\n\t<meta property=\"og:image:type\" content=\"image\/jpeg\" \/>\n<meta name=\"twitter:card\" content=\"summary_large_image\" \/>\n<meta name=\"twitter:site\" content=\"@armeda_ic_mim\" \/>\n<meta name=\"twitter:label1\" content=\"Estimated reading time\" \/>\n\t<meta name=\"twitter:data1\" content=\"3 minutes\" \/>\n<script type=\"application\/ld+json\" class=\"yoast-schema-graph\">{\"@context\":\"https:\/\/schema.org\",\"@graph\":[{\"@type\":\"WebPage\",\"@id\":\"https:\/\/www.armeda.com.tr\/tr\/projeler\/latife-doner\/\",\"url\":\"https:\/\/www.armeda.com.tr\/tr\/projeler\/latife-doner\/\",\"name\":\"LAT\u0130FE D\u00d6NER\",\"isPartOf\":{\"@id\":\"https:\/\/www.armeda.com.tr\/#website\"},\"primaryImageOfPage\":{\"@id\":\"https:\/\/www.armeda.com.tr\/tr\/projeler\/latife-doner\/#primaryimage\"},\"image\":{\"@id\":\"https:\/\/www.armeda.com.tr\/tr\/projeler\/latife-doner\/#primaryimage\"},\"thumbnailUrl\":\"https:\/\/www.armeda.com.tr\/wp-content\/uploads\/2024\/03\/Latife_1920-800-A.jpg\",\"datePublished\":\"2024-02-29T21:00:56+00:00\",\"dateModified\":\"2025-04-09T10:26:35+00:00\",\"description\":\"\u0130\u00e7 mimarl\u0131k, i\u00e7 dekorasyon, kafe konsept tasar\u0131m, mekan konsept tasar\u0131m\u0131 alan\u0131nda yapt\u0131\u011f\u0131m\u0131z projelerimiz.\",\"breadcrumb\":{\"@id\":\"https:\/\/www.armeda.com.tr\/tr\/projeler\/latife-doner\/#breadcrumb\"},\"inLanguage\":\"en-GB\",\"potentialAction\":[{\"@type\":\"ReadAction\",\"target\":[\"https:\/\/www.armeda.com.tr\/tr\/projeler\/latife-doner\/\"]}]},{\"@type\":\"ImageObject\",\"inLanguage\":\"en-GB\",\"@id\":\"https:\/\/www.armeda.com.tr\/tr\/projeler\/latife-doner\/#primaryimage\",\"url\":\"https:\/\/www.armeda.com.tr\/wp-content\/uploads\/2024\/03\/Latife_1920-800-A.jpg\",\"contentUrl\":\"https:\/\/www.armeda.com.tr\/wp-content\/uploads\/2024\/03\/Latife_1920-800-A.jpg\",\"width\":1920,\"height\":800},{\"@type\":\"BreadcrumbList\",\"@id\":\"https:\/\/www.armeda.com.tr\/tr\/projeler\/latife-doner\/#breadcrumb\",\"itemListElement\":[{\"@type\":\"ListItem\",\"position\":1,\"name\":\"Ana sayfa\",\"item\":\"https:\/\/www.armeda.com.tr\/tr\/\"},{\"@type\":\"ListItem\",\"position\":2,\"name\":\"Portfolio\",\"item\":\"https:\/\/www.armeda.com.tr\/tr\/projeler\/\"},{\"@type\":\"ListItem\",\"position\":3,\"name\":\"LAT\u0130FE D\u00d6NER\"}]},{\"@type\":\"WebSite\",\"@id\":\"https:\/\/www.armeda.com.tr\/#website\",\"url\":\"https:\/\/www.armeda.com.tr\/\",\"name\":\"Armeda \u0130&ccedil; Mimarl\u0131k\",\"description\":\"\u0130&ccedil; Dekorasyon ve Konsept Tasar\u0131m Projeleri\",\"publisher\":{\"@id\":\"https:\/\/www.armeda.com.tr\/#organization\"},\"potentialAction\":[{\"@type\":\"SearchAction\",\"target\":{\"@type\":\"EntryPoint\",\"urlTemplate\":\"https:\/\/www.armeda.com.tr\/?s={search_term_string}\"},\"query-input\":{\"@type\":\"PropertyValueSpecification\",\"valueRequired\":true,\"valueName\":\"search_term_string\"}}],\"inLanguage\":\"en-GB\"},{\"@type\":\"Organization\",\"@id\":\"https:\/\/www.armeda.com.tr\/#organization\",\"name\":\"Armeda \u0130\u00e7 Mimarl\u0131k Ofisi\",\"url\":\"https:\/\/www.armeda.com.tr\/\",\"logo\":{\"@type\":\"ImageObject\",\"inLanguage\":\"en-GB\",\"@id\":\"https:\/\/www.armeda.com.tr\/#\/schema\/logo\/image\/\",\"url\":\"https:\/\/www.armeda.com.tr\/wp-content\/uploads\/2020\/04\/armedaLogo-01.png\",\"contentUrl\":\"https:\/\/www.armeda.com.tr\/wp-content\/uploads\/2020\/04\/armedaLogo-01.png\",\"width\":4167,\"height\":1126,\"caption\":\"Armeda \u0130\u00e7 Mimarl\u0131k Ofisi\"},\"image\":{\"@id\":\"https:\/\/www.armeda.com.tr\/#\/schema\/logo\/image\/\"},\"sameAs\":[\"https:\/\/www.facebook.com\/armedaicmimarlik\",\"https:\/\/x.com\/armeda_ic_mim\",\"https:\/\/www.instagram.com\/armedaicmimarlik\/\",\"https:\/\/www.linkedin.com\/company\/armeda-ic-mimarl\u0131k\/\",\"https:\/\/tr.pinterest.com\/armedaicmimarlik\/\",\"https:\/\/www.youtube.com\/channel\/UCbJk00ySzF1IF4mopBDpApQ\"]}]}<\/script>\n<!-- \/ Yoast SEO plugin. -->","yoast_head_json":{"title":"LAT\u0130FE D\u00d6NER","description":"\u0130\u00e7 mimarl\u0131k, i\u00e7 dekorasyon, kafe konsept tasar\u0131m, mekan konsept tasar\u0131m\u0131 alan\u0131nda yapt\u0131\u011f\u0131m\u0131z projelerimiz.","robots":{"index":"index","follow":"follow","max-snippet":"max-snippet:-1","max-image-preview":"max-image-preview:large","max-video-preview":"max-video-preview:-1"},"canonical":"https:\/\/www.armeda.com.tr\/en\/projeler\/latife-doner\/","og_locale":"en_GB","og_type":"article","og_title":"[:tr]LAT\u0130FE D\u00d6NER[:en]LAT\u0130FE D\u00d6NER[:de]LAT\u0130FE D\u00d6NER[:] | Armeda \u0130&ccedil; Mimarl\u0131k","og_description":"\u0130\u00e7 mimarl\u0131k, i\u00e7 dekorasyon, kafe konsept tasar\u0131m, mekan konsept tasar\u0131m\u0131 alan\u0131nda yapt\u0131\u011f\u0131m\u0131z projelerimiz.","og_url":"https:\/\/www.armeda.com.tr\/en\/projeler\/latife-doner\/","og_site_name":"Armeda \u0130&ccedil; Mimarl\u0131k","article_publisher":"https:\/\/www.facebook.com\/armedaicmimarlik","article_modified_time":"2025-04-09T10:26:35+00:00","og_image":[{"width":1920,"height":800,"url":"https:\/\/www.armeda.com.tr\/wp-content\/uploads\/2024\/03\/Latife_1920-800-A.jpg","type":"image\/jpeg"}],"twitter_card":"summary_large_image","twitter_site":"@armeda_ic_mim","twitter_misc":{"Estimated reading time":"3 minutes"},"schema":{"@context":"https:\/\/schema.org","@graph":[{"@type":"WebPage","@id":"https:\/\/www.armeda.com.tr\/tr\/projeler\/latife-doner\/","url":"https:\/\/www.armeda.com.tr\/tr\/projeler\/latife-doner\/","name":"LAT\u0130FE D\u00d6NER","isPartOf":{"@id":"https:\/\/www.armeda.com.tr\/#website"},"primaryImageOfPage":{"@id":"https:\/\/www.armeda.com.tr\/tr\/projeler\/latife-doner\/#primaryimage"},"image":{"@id":"https:\/\/www.armeda.com.tr\/tr\/projeler\/latife-doner\/#primaryimage"},"thumbnailUrl":"https:\/\/www.armeda.com.tr\/wp-content\/uploads\/2024\/03\/Latife_1920-800-A.jpg","datePublished":"2024-02-29T21:00:56+00:00","dateModified":"2025-04-09T10:26:35+00:00","description":"\u0130\u00e7 mimarl\u0131k, i\u00e7 dekorasyon, kafe konsept tasar\u0131m, mekan konsept tasar\u0131m\u0131 alan\u0131nda yapt\u0131\u011f\u0131m\u0131z projelerimiz.","breadcrumb":{"@id":"https:\/\/www.armeda.com.tr\/tr\/projeler\/latife-doner\/#breadcrumb"},"inLanguage":"en-GB","potentialAction":[{"@type":"ReadAction","target":["https:\/\/www.armeda.com.tr\/tr\/projeler\/latife-doner\/"]}]},{"@type":"ImageObject","inLanguage":"en-GB","@id":"https:\/\/www.armeda.com.tr\/tr\/projeler\/latife-doner\/#primaryimage","url":"https:\/\/www.armeda.com.tr\/wp-content\/uploads\/2024\/03\/Latife_1920-800-A.jpg","contentUrl":"https:\/\/www.armeda.com.tr\/wp-content\/uploads\/2024\/03\/Latife_1920-800-A.jpg","width":1920,"height":800},{"@type":"BreadcrumbList","@id":"https:\/\/www.armeda.com.tr\/tr\/projeler\/latife-doner\/#breadcrumb","itemListElement":[{"@type":"ListItem","position":1,"name":"Ana sayfa","item":"https:\/\/www.armeda.com.tr\/tr\/"},{"@type":"ListItem","position":2,"name":"Portfolio","item":"https:\/\/www.armeda.com.tr\/tr\/projeler\/"},{"@type":"ListItem","position":3,"name":"LAT\u0130FE D\u00d6NER"}]},{"@type":"WebSite","@id":"https:\/\/www.armeda.com.tr\/#website","url":"https:\/\/www.armeda.com.tr\/","name":"Armeda \u0130&ccedil; Mimarl\u0131k","description":"\u0130&ccedil; Dekorasyon ve Konsept Tasar\u0131m Projeleri","publisher":{"@id":"https:\/\/www.armeda.com.tr\/#organization"},"potentialAction":[{"@type":"SearchAction","target":{"@type":"EntryPoint","urlTemplate":"https:\/\/www.armeda.com.tr\/?s={search_term_string}"},"query-input":{"@type":"PropertyValueSpecification","valueRequired":true,"valueName":"search_term_string"}}],"inLanguage":"en-GB"},{"@type":"Organization","@id":"https:\/\/www.armeda.com.tr\/#organization","name":"Armeda \u0130\u00e7 Mimarl\u0131k Ofisi","url":"https:\/\/www.armeda.com.tr\/","logo":{"@type":"ImageObject","inLanguage":"en-GB","@id":"https:\/\/www.armeda.com.tr\/#\/schema\/logo\/image\/","url":"https:\/\/www.armeda.com.tr\/wp-content\/uploads\/2020\/04\/armedaLogo-01.png","contentUrl":"https:\/\/www.armeda.com.tr\/wp-content\/uploads\/2020\/04\/armedaLogo-01.png","width":4167,"height":1126,"caption":"Armeda \u0130\u00e7 Mimarl\u0131k Ofisi"},"image":{"@id":"https:\/\/www.armeda.com.tr\/#\/schema\/logo\/image\/"},"sameAs":["https:\/\/www.facebook.com\/armedaicmimarlik","https:\/\/x.com\/armeda_ic_mim","https:\/\/www.instagram.com\/armedaicmimarlik\/","https:\/\/www.linkedin.com\/company\/armeda-ic-mimarl\u0131k\/","https:\/\/tr.pinterest.com\/armedaicmimarlik\/","https:\/\/www.youtube.com\/channel\/UCbJk00ySzF1IF4mopBDpApQ"]}]}},"_links":{"self":[{"href":"https:\/\/www.armeda.com.tr\/en\/wp-json\/wp\/v2\/portfolio\/7335","targetHints":{"allow":["GET"]}}],"collection":[{"href":"https:\/\/www.armeda.com.tr\/en\/wp-json\/wp\/v2\/portfolio"}],"about":[{"href":"https:\/\/www.armeda.com.tr\/en\/wp-json\/wp\/v2\/types\/portfolio"}],"author":[{"embeddable":true,"href":"https:\/\/www.armeda.com.tr\/en\/wp-json\/wp\/v2\/users\/2"}],"replies":[{"embeddable":true,"href":"https:\/\/www.armeda.com.tr\/en\/wp-json\/wp\/v2\/comments?post=7335"}],"version-history":[{"count":6,"href":"https:\/\/www.armeda.com.tr\/en\/wp-json\/wp\/v2\/portfolio\/7335\/revisions"}],"predecessor-version":[{"id":8839,"href":"https:\/\/www.armeda.com.tr\/en\/wp-json\/wp\/v2\/portfolio\/7335\/revisions\/8839"}],"wp:featuredmedia":[{"embeddable":true,"href":"https:\/\/www.armeda.com.tr\/en\/wp-json\/wp\/v2\/media\/7380"}],"wp:attachment":[{"href":"https:\/\/www.armeda.com.tr\/en\/wp-json\/wp\/v2\/media?parent=7335"}],"wp:term":[{"taxonomy":"portfolio_category","embeddable":true,"href":"https:\/\/www.armeda.com.tr\/en\/wp-json\/wp\/v2\/portfolio_category?post=7335"},{"taxonomy":"portfolio_tag","embeddable":true,"href":"https:\/\/www.armeda.com.tr\/en\/wp-json\/wp\/v2\/portfolio_tag?post=7335"}],"curies":[{"name":"wp","href":"https:\/\/api.w.org\/{rel}","templated":true}]}}