{"id":7219,"date":"2024-03-01T00:01:56","date_gmt":"2024-02-29T21:01:56","guid":{"rendered":"https:\/\/www.armeda.com.tr\/projeler\/istanbul-2\/"},"modified":"2025-04-09T13:21:58","modified_gmt":"2025-04-09T10:21:58","slug":"yamedina","status":"publish","type":"portfolio","link":"https:\/\/www.armeda.com.tr\/en\/projeler\/yamedina\/","title":{"rendered":"YA MEDINA"},"content":{"rendered":"<div class=\"wpb-content-wrapper\"><p>[vc_row el_id=&#8221;projelerid&#8221;][vc_column width=&#8221;2\/6&#8243;][vc_custom_heading text=&#8221;YA MED\u0130NA&#8221; font_container=&#8221;tag:p|font_size:32|text_align:left|color:%23922829&#8243; google_fonts=&#8221;font_family:Raleway%3A100%2C200%2C300%2Cregular%2C500%2C600%2C700%2C800%2C900|font_style:700%20bold%20regular%3A700%3Anormal&#8221;][\/vc_column][vc_column width=&#8221;1\/6&#8243;][\/vc_column][vc_column width=&#8221;1\/6&#8243;][\/vc_column][vc_column width=&#8221;2\/6&#8243;][\/vc_column][\/vc_row][vc_row][vc_column][vc_single_image image=&#8221;7236&#8243; img_size=&#8221;full&#8221; alignment=&#8221;center&#8221;][\/vc_column][\/vc_row][vc_row][vc_column width=&#8221;1\/2&#8243;][vc_column_text css=&#8221;&#8221;]<span style=\"color: #000000; font-weight: 500;\">Following the interest and impact of the Turkish Corner we implemented in their Mannheim restaurant, the owners of \u201cMedina Steak House\u201d requested a redesign of their Frankfurt restaurant based on the same concept.<br \/>\n<\/span><\/p>\n<p><span style=\"color: #444444;\"> The project was initiated to create a venue reflecting the Eastern Caravanserai culture with a Turkish-Ottoman emphasis. While the Ottoman influence was strongly highlighted, Arabesque elements were also incorporated. For instance, the seating groups were entirely designed in the Maghrebi style. The motifs extending throughout the venue encompass a culture spanning not only the Ottoman Seljuk periods but also reaching back to the Umayyad dynasty. The contrasting use of Eastern colors was intentionally exaggerated in certain areas. A welcoming and warm space was created, where authentic elements were modernized to a certain extent.<\/span>[\/vc_column_text][\/vc_column][vc_column width=&#8221;1\/2&#8243;][vc_media_grid css=&#8221;&#8221; grid_id=&#8221;vc_gid:1743673473302-2e04a3c2-3e99-0&#8243; include=&#8221;7272,7242,7243,7244,7239&#8243;][\/vc_column][\/vc_row][vc_row][vc_column width=&#8221;1\/2&#8243;][vc_column_text css=&#8221;&#8221;]<\/p>\n<table>\n<tbody>\n<tr>\n<td class=\"sol\">CLIENT<\/td>\n<td class=\"sag\">Medina SteakHouse<\/td>\n<\/tr>\n<tr>\n<td class=\"sol\"><span class=\"HwtZe\" lang=\"en\"><span class=\"jCAhz ChMk0b\"><span class=\"ryNqvb\">ARCHITECTURAL SERVICE<\/span><\/span><\/span><\/td>\n<td class=\"sag\"><span class=\"HwtZe\" lang=\"en\"><span class=\"jCAhz ChMk0b\"><span class=\"ryNqvb\">Project design and implementation<\/span><\/span><\/span><\/td>\n<\/tr>\n<tr>\n<td class=\"sol\"><span class=\"HwtZe\" lang=\"en\"><span class=\"jCAhz ChMk0b\"><span class=\"ryNqvb\">DATE-LOCATION<\/span><\/span><\/span><\/td>\n<td class=\"sag\"><span class=\"HwtZe\" lang=\"en\"><span class=\"jCAhz ChMk0b\"><span class=\"ryNqvb\">2023 \u2013 Frankfurt<\/span><\/span><\/span><\/td>\n<\/tr>\n<tr>\n<td class=\"sol\"><span class=\"HwtZe\" lang=\"en\"><span class=\"jCAhz ChMk0b\"><span class=\"ryNqvb\">PROJECT TEAM<\/span><\/span><\/span><\/td>\n<td class=\"sag\">Armeda &#8211; Teknogon<\/td>\n<\/tr>\n<\/tbody>\n<\/table>\n<p>[\/vc_column_text][\/vc_column][vc_column width=&#8221;1\/2&#8243;][\/vc_column][\/vc_row][vc_row content_placement=&#8221;bottom&#8221; disable_element=&#8221;yes&#8221;][vc_column width=&#8221;1\/4&#8243;][\/vc_column][vc_column width=&#8221;1\/4&#8243;][\/vc_column][vc_column width=&#8221;1\/4&#8243;][\/vc_column][vc_column width=&#8221;1\/4&#8243;][caw_button btn_alignment=&#8221;right&#8221; btn_text=&#8221;COCOBEAN&#8221; btn_iconpos=&#8221;left&#8221; btn_link=&#8221;url:https%3A%2F%2Fwww.armeda.com.tr%2Fprojeler%2Fcocobean%2F|title:COCOBEAN&#8221; btn_color=&#8221;#000000&#8243; btn_background_color=&#8221;#ffffff&#8221; btn_hvr_color=&#8221;#dd3333&#8243; btn_hvr_background_color=&#8221;#ffffff&#8221; btn_fontawesome=&#8221;fas fa-arrow-right&#8221; btn_font_size=&#8221;18px&#8221;][\/vc_column][\/vc_row]<\/p>\n<\/div>","protected":false},"excerpt":{"rendered":"<p>[vc_row el_id=&#8221;projelerid&#8221;][vc_column width=&#8221;2\/6&#8243;][vc_custom_heading text=&#8221;YA MED\u0130NA&#8221; font_container=&#8221;tag:p|font_size:32|text_align:left|color:%23922829&#8243; google_fonts=&#8221;font_family:Raleway%3A100%2C200%2C300%2Cregular%2C500%2C600%2C700%2C800%2C900|font_style:700%20bold%20regular%3A700%3Anormal&#8221;][\/vc_column][vc_column width=&#8221;1\/6&#8243;][\/vc_column][vc_column width=&#8221;1\/6&#8243;][\/vc_column][vc_column width=&#8221;2\/6&#8243;][\/vc_column][\/vc_row][vc_row][vc_column][vc_single_image image=&#8221;7236&#8243; img_size=&#8221;full&#8221; alignment=&#8221;center&#8221;][\/vc_column][\/vc_row][vc_row][vc_column width=&#8221;1\/2&#8243;][vc_column_text css=&#8221;&#8221;]Following the interest and impact of the Turkish Corner we implemented in their Mannheim restaurant, the owners of \u201cMedina Steak House\u201d requested a redesign of their Frankfurt restaurant based on the same concept. The project was initiated to create a venue&hellip;<\/p>\n","protected":false},"author":2,"featured_media":7236,"comment_status":"closed","ping_status":"closed","template":"","meta":{"_acf_changed":false,"footnotes":""},"portfolio_category":[279,183],"portfolio_tag":[],"class_list":["post-7219","portfolio","type-portfolio","status-publish","has-post-thumbnail","hentry","portfolio_category-gastronomi","portfolio_category-projeler"],"acf":[],"yoast_head":"<!-- This site is optimized with the Yoast SEO plugin v26.2 - https:\/\/yoast.com\/wordpress\/plugins\/seo\/ -->\n<title>YA MEDINA<\/title>\n<meta name=\"description\" content=\"\u0130\u00e7 mimarl\u0131k, i\u00e7 dekorasyon, kafe konsept tasar\u0131m, mekan konsept tasar\u0131m\u0131 alan\u0131nda yapt\u0131\u011f\u0131m\u0131z projelerimiz.\" \/>\n<meta name=\"robots\" content=\"index, follow, max-snippet:-1, max-image-preview:large, max-video-preview:-1\" \/>\n<link rel=\"canonical\" href=\"https:\/\/www.armeda.com.tr\/en\/projeler\/yamedina\/\" \/>\n<meta property=\"og:locale\" content=\"en_GB\" \/>\n<meta property=\"og:locale:alternate\" content=\"tr_TR\" \/>\n<meta property=\"og:locale:alternate\" content=\"de_DE\" \/>\n<meta property=\"og:type\" content=\"article\" \/>\n<meta property=\"og:title\" content=\"YA MEDINA\" \/>\n<meta property=\"og:description\" content=\"\u0130\u00e7 mimarl\u0131k, i\u00e7 dekorasyon, kafe konsept tasar\u0131m, mekan konsept tasar\u0131m\u0131 alan\u0131nda yapt\u0131\u011f\u0131m\u0131z projelerimiz.\" \/>\n<meta property=\"og:url\" content=\"https:\/\/www.armeda.com.tr\/en\/projeler\/yamedina\/\" \/>\n<meta property=\"og:site_name\" content=\"Armeda \u0130&ccedil; Mimarl\u0131k\" \/>\n<meta property=\"article:publisher\" content=\"https:\/\/www.facebook.com\/armedaicmimarlik\" \/>\n<meta property=\"article:modified_time\" content=\"2025-04-09T10:21:58+00:00\" \/>\n<meta property=\"og:image\" content=\"https:\/\/www.armeda.com.tr\/wp-content\/uploads\/2023\/07\/YaMedina_1920-800-A.jpg\" \/>\n\t<meta property=\"og:image:width\" content=\"1920\" \/>\n\t<meta property=\"og:image:height\" content=\"800\" \/>\n\t<meta property=\"og:image:type\" content=\"image\/jpeg\" \/>\n<meta name=\"twitter:card\" content=\"summary_large_image\" \/>\n<meta name=\"twitter:site\" content=\"@armeda_ic_mim\" \/>\n<meta name=\"twitter:label1\" content=\"Estimated reading time\" \/>\n\t<meta name=\"twitter:data1\" content=\"3 minutes\" \/>\n<script type=\"application\/ld+json\" class=\"yoast-schema-graph\">{\"@context\":\"https:\/\/schema.org\",\"@graph\":[{\"@type\":\"WebPage\",\"@id\":\"https:\/\/www.armeda.com.tr\/tr\/projeler\/yamedina\/\",\"url\":\"https:\/\/www.armeda.com.tr\/tr\/projeler\/yamedina\/\",\"name\":\"YA MEDINA\",\"isPartOf\":{\"@id\":\"https:\/\/www.armeda.com.tr\/#website\"},\"primaryImageOfPage\":{\"@id\":\"https:\/\/www.armeda.com.tr\/tr\/projeler\/yamedina\/#primaryimage\"},\"image\":{\"@id\":\"https:\/\/www.armeda.com.tr\/tr\/projeler\/yamedina\/#primaryimage\"},\"thumbnailUrl\":\"https:\/\/www.armeda.com.tr\/wp-content\/uploads\/2023\/07\/YaMedina_1920-800-A.jpg\",\"datePublished\":\"2024-02-29T21:01:56+00:00\",\"dateModified\":\"2025-04-09T10:21:58+00:00\",\"description\":\"\u0130\u00e7 mimarl\u0131k, i\u00e7 dekorasyon, kafe konsept tasar\u0131m, mekan konsept tasar\u0131m\u0131 alan\u0131nda yapt\u0131\u011f\u0131m\u0131z projelerimiz.\",\"breadcrumb\":{\"@id\":\"https:\/\/www.armeda.com.tr\/tr\/projeler\/yamedina\/#breadcrumb\"},\"inLanguage\":\"en-GB\",\"potentialAction\":[{\"@type\":\"ReadAction\",\"target\":[\"https:\/\/www.armeda.com.tr\/tr\/projeler\/yamedina\/\"]}]},{\"@type\":\"ImageObject\",\"inLanguage\":\"en-GB\",\"@id\":\"https:\/\/www.armeda.com.tr\/tr\/projeler\/yamedina\/#primaryimage\",\"url\":\"https:\/\/www.armeda.com.tr\/wp-content\/uploads\/2023\/07\/YaMedina_1920-800-A.jpg\",\"contentUrl\":\"https:\/\/www.armeda.com.tr\/wp-content\/uploads\/2023\/07\/YaMedina_1920-800-A.jpg\",\"width\":1920,\"height\":800},{\"@type\":\"BreadcrumbList\",\"@id\":\"https:\/\/www.armeda.com.tr\/tr\/projeler\/yamedina\/#breadcrumb\",\"itemListElement\":[{\"@type\":\"ListItem\",\"position\":1,\"name\":\"Ana sayfa\",\"item\":\"https:\/\/www.armeda.com.tr\/tr\/\"},{\"@type\":\"ListItem\",\"position\":2,\"name\":\"Portfolio\",\"item\":\"https:\/\/www.armeda.com.tr\/tr\/projeler\/\"},{\"@type\":\"ListItem\",\"position\":3,\"name\":\"YA MEDINA\"}]},{\"@type\":\"WebSite\",\"@id\":\"https:\/\/www.armeda.com.tr\/#website\",\"url\":\"https:\/\/www.armeda.com.tr\/\",\"name\":\"Armeda \u0130&ccedil; Mimarl\u0131k\",\"description\":\"\u0130&ccedil; Dekorasyon ve Konsept Tasar\u0131m Projeleri\",\"publisher\":{\"@id\":\"https:\/\/www.armeda.com.tr\/#organization\"},\"potentialAction\":[{\"@type\":\"SearchAction\",\"target\":{\"@type\":\"EntryPoint\",\"urlTemplate\":\"https:\/\/www.armeda.com.tr\/?s={search_term_string}\"},\"query-input\":{\"@type\":\"PropertyValueSpecification\",\"valueRequired\":true,\"valueName\":\"search_term_string\"}}],\"inLanguage\":\"en-GB\"},{\"@type\":\"Organization\",\"@id\":\"https:\/\/www.armeda.com.tr\/#organization\",\"name\":\"Armeda \u0130\u00e7 Mimarl\u0131k Ofisi\",\"url\":\"https:\/\/www.armeda.com.tr\/\",\"logo\":{\"@type\":\"ImageObject\",\"inLanguage\":\"en-GB\",\"@id\":\"https:\/\/www.armeda.com.tr\/#\/schema\/logo\/image\/\",\"url\":\"https:\/\/www.armeda.com.tr\/wp-content\/uploads\/2020\/04\/armedaLogo-01.png\",\"contentUrl\":\"https:\/\/www.armeda.com.tr\/wp-content\/uploads\/2020\/04\/armedaLogo-01.png\",\"width\":4167,\"height\":1126,\"caption\":\"Armeda \u0130\u00e7 Mimarl\u0131k Ofisi\"},\"image\":{\"@id\":\"https:\/\/www.armeda.com.tr\/#\/schema\/logo\/image\/\"},\"sameAs\":[\"https:\/\/www.facebook.com\/armedaicmimarlik\",\"https:\/\/x.com\/armeda_ic_mim\",\"https:\/\/www.instagram.com\/armedaicmimarlik\/\",\"https:\/\/www.linkedin.com\/company\/armeda-ic-mimarl\u0131k\/\",\"https:\/\/tr.pinterest.com\/armedaicmimarlik\/\",\"https:\/\/www.youtube.com\/channel\/UCbJk00ySzF1IF4mopBDpApQ\"]}]}<\/script>\n<!-- \/ Yoast SEO plugin. -->","yoast_head_json":{"title":"YA MEDINA","description":"\u0130\u00e7 mimarl\u0131k, i\u00e7 dekorasyon, kafe konsept tasar\u0131m, mekan konsept tasar\u0131m\u0131 alan\u0131nda yapt\u0131\u011f\u0131m\u0131z projelerimiz.","robots":{"index":"index","follow":"follow","max-snippet":"max-snippet:-1","max-image-preview":"max-image-preview:large","max-video-preview":"max-video-preview:-1"},"canonical":"https:\/\/www.armeda.com.tr\/en\/projeler\/yamedina\/","og_locale":"en_GB","og_type":"article","og_title":"[:tr]YA MEDINA[:en]YA MEDINA[:de]YA MEDINA[:] | Armeda \u0130&ccedil; Mimarl\u0131k","og_description":"\u0130\u00e7 mimarl\u0131k, i\u00e7 dekorasyon, kafe konsept tasar\u0131m, mekan konsept tasar\u0131m\u0131 alan\u0131nda yapt\u0131\u011f\u0131m\u0131z projelerimiz.","og_url":"https:\/\/www.armeda.com.tr\/en\/projeler\/yamedina\/","og_site_name":"Armeda \u0130&ccedil; Mimarl\u0131k","article_publisher":"https:\/\/www.facebook.com\/armedaicmimarlik","article_modified_time":"2025-04-09T10:21:58+00:00","og_image":[{"width":1920,"height":800,"url":"https:\/\/www.armeda.com.tr\/wp-content\/uploads\/2023\/07\/YaMedina_1920-800-A.jpg","type":"image\/jpeg"}],"twitter_card":"summary_large_image","twitter_site":"@armeda_ic_mim","twitter_misc":{"Estimated reading time":"3 minutes"},"schema":{"@context":"https:\/\/schema.org","@graph":[{"@type":"WebPage","@id":"https:\/\/www.armeda.com.tr\/tr\/projeler\/yamedina\/","url":"https:\/\/www.armeda.com.tr\/tr\/projeler\/yamedina\/","name":"YA MEDINA","isPartOf":{"@id":"https:\/\/www.armeda.com.tr\/#website"},"primaryImageOfPage":{"@id":"https:\/\/www.armeda.com.tr\/tr\/projeler\/yamedina\/#primaryimage"},"image":{"@id":"https:\/\/www.armeda.com.tr\/tr\/projeler\/yamedina\/#primaryimage"},"thumbnailUrl":"https:\/\/www.armeda.com.tr\/wp-content\/uploads\/2023\/07\/YaMedina_1920-800-A.jpg","datePublished":"2024-02-29T21:01:56+00:00","dateModified":"2025-04-09T10:21:58+00:00","description":"\u0130\u00e7 mimarl\u0131k, i\u00e7 dekorasyon, kafe konsept tasar\u0131m, mekan konsept tasar\u0131m\u0131 alan\u0131nda yapt\u0131\u011f\u0131m\u0131z projelerimiz.","breadcrumb":{"@id":"https:\/\/www.armeda.com.tr\/tr\/projeler\/yamedina\/#breadcrumb"},"inLanguage":"en-GB","potentialAction":[{"@type":"ReadAction","target":["https:\/\/www.armeda.com.tr\/tr\/projeler\/yamedina\/"]}]},{"@type":"ImageObject","inLanguage":"en-GB","@id":"https:\/\/www.armeda.com.tr\/tr\/projeler\/yamedina\/#primaryimage","url":"https:\/\/www.armeda.com.tr\/wp-content\/uploads\/2023\/07\/YaMedina_1920-800-A.jpg","contentUrl":"https:\/\/www.armeda.com.tr\/wp-content\/uploads\/2023\/07\/YaMedina_1920-800-A.jpg","width":1920,"height":800},{"@type":"BreadcrumbList","@id":"https:\/\/www.armeda.com.tr\/tr\/projeler\/yamedina\/#breadcrumb","itemListElement":[{"@type":"ListItem","position":1,"name":"Ana sayfa","item":"https:\/\/www.armeda.com.tr\/tr\/"},{"@type":"ListItem","position":2,"name":"Portfolio","item":"https:\/\/www.armeda.com.tr\/tr\/projeler\/"},{"@type":"ListItem","position":3,"name":"YA MEDINA"}]},{"@type":"WebSite","@id":"https:\/\/www.armeda.com.tr\/#website","url":"https:\/\/www.armeda.com.tr\/","name":"Armeda \u0130&ccedil; Mimarl\u0131k","description":"\u0130&ccedil; Dekorasyon ve Konsept Tasar\u0131m Projeleri","publisher":{"@id":"https:\/\/www.armeda.com.tr\/#organization"},"potentialAction":[{"@type":"SearchAction","target":{"@type":"EntryPoint","urlTemplate":"https:\/\/www.armeda.com.tr\/?s={search_term_string}"},"query-input":{"@type":"PropertyValueSpecification","valueRequired":true,"valueName":"search_term_string"}}],"inLanguage":"en-GB"},{"@type":"Organization","@id":"https:\/\/www.armeda.com.tr\/#organization","name":"Armeda \u0130\u00e7 Mimarl\u0131k Ofisi","url":"https:\/\/www.armeda.com.tr\/","logo":{"@type":"ImageObject","inLanguage":"en-GB","@id":"https:\/\/www.armeda.com.tr\/#\/schema\/logo\/image\/","url":"https:\/\/www.armeda.com.tr\/wp-content\/uploads\/2020\/04\/armedaLogo-01.png","contentUrl":"https:\/\/www.armeda.com.tr\/wp-content\/uploads\/2020\/04\/armedaLogo-01.png","width":4167,"height":1126,"caption":"Armeda \u0130\u00e7 Mimarl\u0131k Ofisi"},"image":{"@id":"https:\/\/www.armeda.com.tr\/#\/schema\/logo\/image\/"},"sameAs":["https:\/\/www.facebook.com\/armedaicmimarlik","https:\/\/x.com\/armeda_ic_mim","https:\/\/www.instagram.com\/armedaicmimarlik\/","https:\/\/www.linkedin.com\/company\/armeda-ic-mimarl\u0131k\/","https:\/\/tr.pinterest.com\/armedaicmimarlik\/","https:\/\/www.youtube.com\/channel\/UCbJk00ySzF1IF4mopBDpApQ"]}]}},"_links":{"self":[{"href":"https:\/\/www.armeda.com.tr\/en\/wp-json\/wp\/v2\/portfolio\/7219","targetHints":{"allow":["GET"]}}],"collection":[{"href":"https:\/\/www.armeda.com.tr\/en\/wp-json\/wp\/v2\/portfolio"}],"about":[{"href":"https:\/\/www.armeda.com.tr\/en\/wp-json\/wp\/v2\/types\/portfolio"}],"author":[{"embeddable":true,"href":"https:\/\/www.armeda.com.tr\/en\/wp-json\/wp\/v2\/users\/2"}],"replies":[{"embeddable":true,"href":"https:\/\/www.armeda.com.tr\/en\/wp-json\/wp\/v2\/comments?post=7219"}],"version-history":[{"count":11,"href":"https:\/\/www.armeda.com.tr\/en\/wp-json\/wp\/v2\/portfolio\/7219\/revisions"}],"predecessor-version":[{"id":8838,"href":"https:\/\/www.armeda.com.tr\/en\/wp-json\/wp\/v2\/portfolio\/7219\/revisions\/8838"}],"wp:featuredmedia":[{"embeddable":true,"href":"https:\/\/www.armeda.com.tr\/en\/wp-json\/wp\/v2\/media\/7236"}],"wp:attachment":[{"href":"https:\/\/www.armeda.com.tr\/en\/wp-json\/wp\/v2\/media?parent=7219"}],"wp:term":[{"taxonomy":"portfolio_category","embeddable":true,"href":"https:\/\/www.armeda.com.tr\/en\/wp-json\/wp\/v2\/portfolio_category?post=7219"},{"taxonomy":"portfolio_tag","embeddable":true,"href":"https:\/\/www.armeda.com.tr\/en\/wp-json\/wp\/v2\/portfolio_tag?post=7219"}],"curies":[{"name":"wp","href":"https:\/\/api.w.org\/{rel}","templated":true}]}}