{"id":5758,"date":"2024-03-01T00:03:56","date_gmt":"2024-02-29T21:03:56","guid":{"rendered":"https:\/\/www.armeda.com.tr\/portfolio\/agata-2\/"},"modified":"2025-04-09T13:11:38","modified_gmt":"2025-04-09T10:11:38","slug":"mangia","status":"publish","type":"portfolio","link":"https:\/\/www.armeda.com.tr\/en\/projeler\/mangia\/","title":{"rendered":"MANGIA"},"content":{"rendered":"<div class=\"wpb-content-wrapper\"><p>[vc_row el_id=&#8221;projelerid&#8221;][vc_column width=&#8221;2\/6&#8243;][lab_heading title=&#8221;MANGIA&#8221;][\/lab_heading][\/vc_column][vc_column width=&#8221;1\/6&#8243;][\/vc_column][vc_column width=&#8221;1\/6&#8243;][\/vc_column][vc_column width=&#8221;1\/6&#8243;][\/vc_column][vc_column width=&#8221;1\/6&#8243;][\/vc_column][\/vc_row][vc_row][vc_column][vc_single_image image=&#8221;5766&#8243; img_size=&#8221;full&#8221; alignment=&#8221;center&#8221;][\/vc_column][\/vc_row][vc_row][vc_column width=&#8221;1\/2&#8243;][vc_column_text css=&#8221;&#8221;]<span style=\"color: #000000; font-weight: 500;\">Mangia is a venue planned to serve as a cafe-restaurant within a health complex in Heidelberg. Here too, we began our work when a request came to design a bistro that would appeal to both healthcare professionals and those coming to receive services.<\/span><\/p>\n<p><span style=\"color: #444444;\">It&#8217;s often a tense and stressful atmosphere for both the employees and the patients visiting. We planned a serene environment that would distance customers from this stressful atmosphere with the calming effects of green and earth tones. By incorporating nature-themed pictures distributed throughout the space and intensified botanical elements, we envisioned a social area that would take visitors away from the hospital ambiance.<\/span><\/p>\n<p><span style=\"color: #444444;\"> There&#8217;s an interpretation of Art Deco here. The distribution of different seating groups, which we call islands, throughout the venue created both a visual richness and provided ease of use for varying numbers of customers.<\/span>[\/vc_column_text][\/vc_column][vc_column width=&#8221;1\/2&#8243;][vc_media_grid grid_id=&#8221;vc_gid:1743672730040-1a527fc3-833e-6&#8243; include=&#8221;5767,5768,5769&#8243;][\/vc_column][\/vc_row][vc_row][vc_column width=&#8221;1\/2&#8243;][vc_column_text css=&#8221;&#8221;]<\/p>\n<table>\n<tbody>\n<tr>\n<td class=\"sol\">CLIENT<\/td>\n<td class=\"sag\"><\/td>\n<\/tr>\n<tr>\n<td class=\"sol\"><span class=\"HwtZe\" lang=\"en\"><span class=\"jCAhz ChMk0b\"><span class=\"ryNqvb\">ARCHITECTURAL SERVICE<\/span><\/span><\/span><\/td>\n<td class=\"sag\"><span class=\"HwtZe\" lang=\"en\"><span class=\"jCAhz ChMk0b\"><span class=\"ryNqvb\">Project design and implementation<\/span><\/span><\/span><\/td>\n<\/tr>\n<tr>\n<td class=\"sol\"><span class=\"HwtZe\" lang=\"en\"><span class=\"jCAhz ChMk0b\"><span class=\"ryNqvb\">DATE-LOCATION<\/span><\/span><\/span><\/td>\n<td class=\"sag\"><span class=\"HwtZe\" lang=\"en\"><span class=\"jCAhz ChMk0b\"><span class=\"ryNqvb\">August 2020 \u2013 Mannheim \/ Germany<\/span><\/span><\/span><\/td>\n<\/tr>\n<tr>\n<td class=\"sol\"><span class=\"HwtZe\" lang=\"en\"><span class=\"jCAhz ChMk0b\"><span class=\"ryNqvb\">PROJECT TEAM<\/span><\/span><\/span><\/td>\n<td class=\"sag\">Armeda &#8211; Teknogon<\/td>\n<\/tr>\n<\/tbody>\n<\/table>\n<p>[\/vc_column_text][\/vc_column][vc_column width=&#8221;1\/2&#8243;][\/vc_column][\/vc_row][vc_row disable_element=&#8221;yes&#8221;][vc_column width=&#8221;1\/4&#8243;][caw_button btn_text=&#8221;COCOBEAN&#8221; btn_iconpos=&#8221;left&#8221; btn_link=&#8221;url:https%3A%2F%2Fwww.armeda.com.tr%2Fprojeler%2Fcocobean%2F|title:COCOBEAN&#8221; btn_color=&#8221;#000000&#8243; btn_background_color=&#8221;#ffffff&#8221; btn_font_size=&#8221;18px&#8221; btn_hvr_color=&#8221;#dd3333&#8243; btn_hvr_background_color=&#8221;#ffffff&#8221; btn_fontawesome=&#8221;fas fa-arrow-left&#8221;][\/vc_column][vc_column width=&#8221;1\/4&#8243;][\/vc_column][vc_column width=&#8221;1\/4&#8243;][\/vc_column][vc_column width=&#8221;1\/4&#8243;][caw_button btn_alignment=&#8221;right&#8221; btn_text=&#8221;T-CAFE&#8221; btn_iconpos=&#8221;right&#8221; btn_link=&#8221;url:https%3A%2F%2Fwww.armeda.com.tr%2Fprojeler%2Ft-cafe%2F|title:T-CAFE&#8221; btn_color=&#8221;#000000&#8243; btn_background_color=&#8221;#ffffff&#8221; btn_font_size=&#8221;18px&#8221; btn_hvr_color=&#8221;#dd3333&#8243; btn_hvr_background_color=&#8221;#ffffff&#8221; btn_fontawesome=&#8221;fas fa-arrow-right&#8221;][\/vc_column][\/vc_row]<\/p>\n<\/div>","protected":false},"excerpt":{"rendered":"<p>[vc_row el_id=&#8221;projelerid&#8221;][vc_column width=&#8221;2\/6&#8243;][lab_heading title=&#8221;MANGIA&#8221;][\/lab_heading][\/vc_column][vc_column width=&#8221;1\/6&#8243;][\/vc_column][vc_column width=&#8221;1\/6&#8243;][\/vc_column][vc_column width=&#8221;1\/6&#8243;][\/vc_column][vc_column width=&#8221;1\/6&#8243;][\/vc_column][\/vc_row][vc_row][vc_column][vc_single_image image=&#8221;5766&#8243; img_size=&#8221;full&#8221; alignment=&#8221;center&#8221;][\/vc_column][\/vc_row][vc_row][vc_column width=&#8221;1\/2&#8243;][vc_column_text css=&#8221;&#8221;]Mangia is a venue planned to serve as a cafe-restaurant within a health complex in Heidelberg. Here too, we began our work when a request came to design a bistro that would appeal to both healthcare professionals and those coming to receive services.&hellip;<\/p>\n","protected":false},"author":2,"featured_media":5766,"comment_status":"closed","ping_status":"closed","template":"","meta":{"_acf_changed":false,"footnotes":""},"portfolio_category":[279,183],"portfolio_tag":[],"class_list":["post-5758","portfolio","type-portfolio","status-publish","has-post-thumbnail","hentry","portfolio_category-gastronomi","portfolio_category-projeler"],"acf":[],"yoast_head":"<!-- This site is optimized with the Yoast SEO plugin v26.2 - https:\/\/yoast.com\/wordpress\/plugins\/seo\/ -->\n<title>MANGIA<\/title>\n<meta name=\"description\" content=\"\u0130\u00e7 mimarl\u0131k, i\u00e7 dekorasyon, kafe konsept tasar\u0131m, mekan konsept tasar\u0131m\u0131 alan\u0131nda yapt\u0131\u011f\u0131m\u0131z projelerimiz.\" \/>\n<meta name=\"robots\" content=\"index, follow, max-snippet:-1, max-image-preview:large, max-video-preview:-1\" \/>\n<link rel=\"canonical\" href=\"https:\/\/www.armeda.com.tr\/en\/projeler\/mangia\/\" \/>\n<meta property=\"og:locale\" content=\"en_GB\" \/>\n<meta property=\"og:locale:alternate\" content=\"tr_TR\" \/>\n<meta property=\"og:locale:alternate\" content=\"de_DE\" \/>\n<meta property=\"og:type\" content=\"article\" \/>\n<meta property=\"og:title\" content=\"MANGIA\" \/>\n<meta property=\"og:description\" content=\"\u0130\u00e7 mimarl\u0131k, i\u00e7 dekorasyon, kafe konsept tasar\u0131m, mekan konsept tasar\u0131m\u0131 alan\u0131nda yapt\u0131\u011f\u0131m\u0131z projelerimiz.\" \/>\n<meta property=\"og:url\" content=\"https:\/\/www.armeda.com.tr\/en\/projeler\/mangia\/\" \/>\n<meta property=\"og:site_name\" content=\"Armeda \u0130&ccedil; Mimarl\u0131k\" \/>\n<meta property=\"article:publisher\" content=\"https:\/\/www.facebook.com\/armedaicmimarlik\" \/>\n<meta property=\"article:modified_time\" content=\"2025-04-09T10:11:38+00:00\" \/>\n<meta property=\"og:image\" content=\"https:\/\/www.armeda.com.tr\/wp-content\/uploads\/2023\/07\/Mangia_1920-800-A1.jpg\" \/>\n\t<meta property=\"og:image:width\" content=\"1920\" \/>\n\t<meta property=\"og:image:height\" content=\"800\" \/>\n\t<meta property=\"og:image:type\" content=\"image\/jpeg\" \/>\n<meta name=\"twitter:card\" content=\"summary_large_image\" \/>\n<meta name=\"twitter:site\" content=\"@armeda_ic_mim\" \/>\n<meta name=\"twitter:label1\" content=\"Estimated reading time\" \/>\n\t<meta name=\"twitter:data1\" content=\"2 minutes\" \/>\n<script type=\"application\/ld+json\" class=\"yoast-schema-graph\">{\"@context\":\"https:\/\/schema.org\",\"@graph\":[{\"@type\":\"WebPage\",\"@id\":\"https:\/\/www.armeda.com.tr\/tr\/projeler\/mangia\/\",\"url\":\"https:\/\/www.armeda.com.tr\/tr\/projeler\/mangia\/\",\"name\":\"MANGIA\",\"isPartOf\":{\"@id\":\"https:\/\/www.armeda.com.tr\/#website\"},\"primaryImageOfPage\":{\"@id\":\"https:\/\/www.armeda.com.tr\/tr\/projeler\/mangia\/#primaryimage\"},\"image\":{\"@id\":\"https:\/\/www.armeda.com.tr\/tr\/projeler\/mangia\/#primaryimage\"},\"thumbnailUrl\":\"https:\/\/www.armeda.com.tr\/wp-content\/uploads\/2023\/07\/Mangia_1920-800-A1.jpg\",\"datePublished\":\"2024-02-29T21:03:56+00:00\",\"dateModified\":\"2025-04-09T10:11:38+00:00\",\"description\":\"\u0130\u00e7 mimarl\u0131k, i\u00e7 dekorasyon, kafe konsept tasar\u0131m, mekan konsept tasar\u0131m\u0131 alan\u0131nda yapt\u0131\u011f\u0131m\u0131z projelerimiz.\",\"breadcrumb\":{\"@id\":\"https:\/\/www.armeda.com.tr\/tr\/projeler\/mangia\/#breadcrumb\"},\"inLanguage\":\"en-GB\",\"potentialAction\":[{\"@type\":\"ReadAction\",\"target\":[\"https:\/\/www.armeda.com.tr\/tr\/projeler\/mangia\/\"]}]},{\"@type\":\"ImageObject\",\"inLanguage\":\"en-GB\",\"@id\":\"https:\/\/www.armeda.com.tr\/tr\/projeler\/mangia\/#primaryimage\",\"url\":\"https:\/\/www.armeda.com.tr\/wp-content\/uploads\/2023\/07\/Mangia_1920-800-A1.jpg\",\"contentUrl\":\"https:\/\/www.armeda.com.tr\/wp-content\/uploads\/2023\/07\/Mangia_1920-800-A1.jpg\",\"width\":1920,\"height\":800},{\"@type\":\"BreadcrumbList\",\"@id\":\"https:\/\/www.armeda.com.tr\/tr\/projeler\/mangia\/#breadcrumb\",\"itemListElement\":[{\"@type\":\"ListItem\",\"position\":1,\"name\":\"Ana sayfa\",\"item\":\"https:\/\/www.armeda.com.tr\/tr\/\"},{\"@type\":\"ListItem\",\"position\":2,\"name\":\"Portfolio\",\"item\":\"https:\/\/www.armeda.com.tr\/tr\/projeler\/\"},{\"@type\":\"ListItem\",\"position\":3,\"name\":\"MANGIA\"}]},{\"@type\":\"WebSite\",\"@id\":\"https:\/\/www.armeda.com.tr\/#website\",\"url\":\"https:\/\/www.armeda.com.tr\/\",\"name\":\"Armeda \u0130&ccedil; Mimarl\u0131k\",\"description\":\"\u0130&ccedil; Dekorasyon ve Konsept Tasar\u0131m Projeleri\",\"publisher\":{\"@id\":\"https:\/\/www.armeda.com.tr\/#organization\"},\"potentialAction\":[{\"@type\":\"SearchAction\",\"target\":{\"@type\":\"EntryPoint\",\"urlTemplate\":\"https:\/\/www.armeda.com.tr\/?s={search_term_string}\"},\"query-input\":{\"@type\":\"PropertyValueSpecification\",\"valueRequired\":true,\"valueName\":\"search_term_string\"}}],\"inLanguage\":\"en-GB\"},{\"@type\":\"Organization\",\"@id\":\"https:\/\/www.armeda.com.tr\/#organization\",\"name\":\"Armeda \u0130\u00e7 Mimarl\u0131k Ofisi\",\"url\":\"https:\/\/www.armeda.com.tr\/\",\"logo\":{\"@type\":\"ImageObject\",\"inLanguage\":\"en-GB\",\"@id\":\"https:\/\/www.armeda.com.tr\/#\/schema\/logo\/image\/\",\"url\":\"https:\/\/www.armeda.com.tr\/wp-content\/uploads\/2020\/04\/armedaLogo-01.png\",\"contentUrl\":\"https:\/\/www.armeda.com.tr\/wp-content\/uploads\/2020\/04\/armedaLogo-01.png\",\"width\":4167,\"height\":1126,\"caption\":\"Armeda \u0130\u00e7 Mimarl\u0131k Ofisi\"},\"image\":{\"@id\":\"https:\/\/www.armeda.com.tr\/#\/schema\/logo\/image\/\"},\"sameAs\":[\"https:\/\/www.facebook.com\/armedaicmimarlik\",\"https:\/\/x.com\/armeda_ic_mim\",\"https:\/\/www.instagram.com\/armedaicmimarlik\/\",\"https:\/\/www.linkedin.com\/company\/armeda-ic-mimarl\u0131k\/\",\"https:\/\/tr.pinterest.com\/armedaicmimarlik\/\",\"https:\/\/www.youtube.com\/channel\/UCbJk00ySzF1IF4mopBDpApQ\"]}]}<\/script>\n<!-- \/ Yoast SEO plugin. -->","yoast_head_json":{"title":"MANGIA","description":"\u0130\u00e7 mimarl\u0131k, i\u00e7 dekorasyon, kafe konsept tasar\u0131m, mekan konsept tasar\u0131m\u0131 alan\u0131nda yapt\u0131\u011f\u0131m\u0131z projelerimiz.","robots":{"index":"index","follow":"follow","max-snippet":"max-snippet:-1","max-image-preview":"max-image-preview:large","max-video-preview":"max-video-preview:-1"},"canonical":"https:\/\/www.armeda.com.tr\/en\/projeler\/mangia\/","og_locale":"en_GB","og_type":"article","og_title":"[:tr]MANGIA[:en]MANGIA[:de]MANGIA[:] | Armeda \u0130&ccedil; Mimarl\u0131k","og_description":"\u0130\u00e7 mimarl\u0131k, i\u00e7 dekorasyon, kafe konsept tasar\u0131m, mekan konsept tasar\u0131m\u0131 alan\u0131nda yapt\u0131\u011f\u0131m\u0131z projelerimiz.","og_url":"https:\/\/www.armeda.com.tr\/en\/projeler\/mangia\/","og_site_name":"Armeda \u0130&ccedil; Mimarl\u0131k","article_publisher":"https:\/\/www.facebook.com\/armedaicmimarlik","article_modified_time":"2025-04-09T10:11:38+00:00","og_image":[{"width":1920,"height":800,"url":"https:\/\/www.armeda.com.tr\/wp-content\/uploads\/2023\/07\/Mangia_1920-800-A1.jpg","type":"image\/jpeg"}],"twitter_card":"summary_large_image","twitter_site":"@armeda_ic_mim","twitter_misc":{"Estimated reading time":"2 minutes"},"schema":{"@context":"https:\/\/schema.org","@graph":[{"@type":"WebPage","@id":"https:\/\/www.armeda.com.tr\/tr\/projeler\/mangia\/","url":"https:\/\/www.armeda.com.tr\/tr\/projeler\/mangia\/","name":"MANGIA","isPartOf":{"@id":"https:\/\/www.armeda.com.tr\/#website"},"primaryImageOfPage":{"@id":"https:\/\/www.armeda.com.tr\/tr\/projeler\/mangia\/#primaryimage"},"image":{"@id":"https:\/\/www.armeda.com.tr\/tr\/projeler\/mangia\/#primaryimage"},"thumbnailUrl":"https:\/\/www.armeda.com.tr\/wp-content\/uploads\/2023\/07\/Mangia_1920-800-A1.jpg","datePublished":"2024-02-29T21:03:56+00:00","dateModified":"2025-04-09T10:11:38+00:00","description":"\u0130\u00e7 mimarl\u0131k, i\u00e7 dekorasyon, kafe konsept tasar\u0131m, mekan konsept tasar\u0131m\u0131 alan\u0131nda yapt\u0131\u011f\u0131m\u0131z projelerimiz.","breadcrumb":{"@id":"https:\/\/www.armeda.com.tr\/tr\/projeler\/mangia\/#breadcrumb"},"inLanguage":"en-GB","potentialAction":[{"@type":"ReadAction","target":["https:\/\/www.armeda.com.tr\/tr\/projeler\/mangia\/"]}]},{"@type":"ImageObject","inLanguage":"en-GB","@id":"https:\/\/www.armeda.com.tr\/tr\/projeler\/mangia\/#primaryimage","url":"https:\/\/www.armeda.com.tr\/wp-content\/uploads\/2023\/07\/Mangia_1920-800-A1.jpg","contentUrl":"https:\/\/www.armeda.com.tr\/wp-content\/uploads\/2023\/07\/Mangia_1920-800-A1.jpg","width":1920,"height":800},{"@type":"BreadcrumbList","@id":"https:\/\/www.armeda.com.tr\/tr\/projeler\/mangia\/#breadcrumb","itemListElement":[{"@type":"ListItem","position":1,"name":"Ana sayfa","item":"https:\/\/www.armeda.com.tr\/tr\/"},{"@type":"ListItem","position":2,"name":"Portfolio","item":"https:\/\/www.armeda.com.tr\/tr\/projeler\/"},{"@type":"ListItem","position":3,"name":"MANGIA"}]},{"@type":"WebSite","@id":"https:\/\/www.armeda.com.tr\/#website","url":"https:\/\/www.armeda.com.tr\/","name":"Armeda \u0130&ccedil; Mimarl\u0131k","description":"\u0130&ccedil; Dekorasyon ve Konsept Tasar\u0131m Projeleri","publisher":{"@id":"https:\/\/www.armeda.com.tr\/#organization"},"potentialAction":[{"@type":"SearchAction","target":{"@type":"EntryPoint","urlTemplate":"https:\/\/www.armeda.com.tr\/?s={search_term_string}"},"query-input":{"@type":"PropertyValueSpecification","valueRequired":true,"valueName":"search_term_string"}}],"inLanguage":"en-GB"},{"@type":"Organization","@id":"https:\/\/www.armeda.com.tr\/#organization","name":"Armeda \u0130\u00e7 Mimarl\u0131k Ofisi","url":"https:\/\/www.armeda.com.tr\/","logo":{"@type":"ImageObject","inLanguage":"en-GB","@id":"https:\/\/www.armeda.com.tr\/#\/schema\/logo\/image\/","url":"https:\/\/www.armeda.com.tr\/wp-content\/uploads\/2020\/04\/armedaLogo-01.png","contentUrl":"https:\/\/www.armeda.com.tr\/wp-content\/uploads\/2020\/04\/armedaLogo-01.png","width":4167,"height":1126,"caption":"Armeda \u0130\u00e7 Mimarl\u0131k Ofisi"},"image":{"@id":"https:\/\/www.armeda.com.tr\/#\/schema\/logo\/image\/"},"sameAs":["https:\/\/www.facebook.com\/armedaicmimarlik","https:\/\/x.com\/armeda_ic_mim","https:\/\/www.instagram.com\/armedaicmimarlik\/","https:\/\/www.linkedin.com\/company\/armeda-ic-mimarl\u0131k\/","https:\/\/tr.pinterest.com\/armedaicmimarlik\/","https:\/\/www.youtube.com\/channel\/UCbJk00ySzF1IF4mopBDpApQ"]}]}},"_links":{"self":[{"href":"https:\/\/www.armeda.com.tr\/en\/wp-json\/wp\/v2\/portfolio\/5758","targetHints":{"allow":["GET"]}}],"collection":[{"href":"https:\/\/www.armeda.com.tr\/en\/wp-json\/wp\/v2\/portfolio"}],"about":[{"href":"https:\/\/www.armeda.com.tr\/en\/wp-json\/wp\/v2\/types\/portfolio"}],"author":[{"embeddable":true,"href":"https:\/\/www.armeda.com.tr\/en\/wp-json\/wp\/v2\/users\/2"}],"replies":[{"embeddable":true,"href":"https:\/\/www.armeda.com.tr\/en\/wp-json\/wp\/v2\/comments?post=5758"}],"version-history":[{"count":13,"href":"https:\/\/www.armeda.com.tr\/en\/wp-json\/wp\/v2\/portfolio\/5758\/revisions"}],"predecessor-version":[{"id":8836,"href":"https:\/\/www.armeda.com.tr\/en\/wp-json\/wp\/v2\/portfolio\/5758\/revisions\/8836"}],"wp:featuredmedia":[{"embeddable":true,"href":"https:\/\/www.armeda.com.tr\/en\/wp-json\/wp\/v2\/media\/5766"}],"wp:attachment":[{"href":"https:\/\/www.armeda.com.tr\/en\/wp-json\/wp\/v2\/media?parent=5758"}],"wp:term":[{"taxonomy":"portfolio_category","embeddable":true,"href":"https:\/\/www.armeda.com.tr\/en\/wp-json\/wp\/v2\/portfolio_category?post=5758"},{"taxonomy":"portfolio_tag","embeddable":true,"href":"https:\/\/www.armeda.com.tr\/en\/wp-json\/wp\/v2\/portfolio_tag?post=5758"}],"curies":[{"name":"wp","href":"https:\/\/api.w.org\/{rel}","templated":true}]}}