{"id":5835,"date":"2024-03-01T00:08:56","date_gmt":"2024-02-29T21:08:56","guid":{"rendered":"https:\/\/www.armeda.com.tr\/portfolio\/kavak-3\/"},"modified":"2025-04-09T12:48:30","modified_gmt":"2025-04-09T09:48:30","slug":"pi","status":"publish","type":"portfolio","link":"https:\/\/www.armeda.com.tr\/de\/projeler\/pi\/","title":{"rendered":"P\u0130"},"content":{"rendered":"<div class=\"wpb-content-wrapper\"><p>[vc_row el_id=&#8220;projelerid&#8220;][vc_column width=&#8220;2\/6&#8243;][vc_custom_heading text=&#8220;P\u0130&#8220; font_container=&#8220;tag:p|font_size:32|text_align:left|color:%23922829&#8243; google_fonts=&#8220;font_family:Raleway%3A100%2C200%2C300%2Cregular%2C500%2C600%2C700%2C800%2C900|font_style:700%20bold%20regular%3A700%3Anormal&#8220;][\/vc_column][vc_column width=&#8220;1\/6&#8243;][\/vc_column][vc_column width=&#8220;1\/6&#8243;][\/vc_column][vc_column width=&#8220;1\/6&#8243;][\/vc_column][vc_column width=&#8220;1\/6&#8243;][\/vc_column][\/vc_row][vc_row][vc_column][vc_single_image image=&#8220;5862&#8243; img_size=&#8220;full&#8220; alignment=&#8220;center&#8220;][\/vc_column][\/vc_row][vc_row][vc_column width=&#8220;1\/2&#8243;][vc_column_text css=&#8220;&#8220;]<span style=\"color: #000000; font-weight: 500;\">\u00a0\u00a0 Entsprechend dem speziellen Wunsch des Kunden wurde f\u00fcr das neu zu er\u00f6ffnende Lokal \u201eP\u0130 Pizza\u201c ein Konzeptdesign unter Ber\u00fccksichtigung von Umweltfaktoren, der Raumaufteilung und des Nutzerprofils erstellt. Da die Er\u00f6ffnung unmittelbar bevorsteht, wurden das Konzeptdesign, das Logo und die verwendeten Grafiken als Einheit gestaltet.<\/span><\/p>\n<p><span style=\"color: #444444;\">\u00a0\u00a0 Das Projekt, das in kleinen R\u00e4umen maximale Effizienz und Komfort anstrebt, zielte in der Designphase durch die verwendeten Farben und die Materialauswahl darauf ab, die im Lokal verkaufte Pizza und das Eis optimal f\u00fcr den Verkauf vorzubereiten.<\/span><\/p>\n<p><span style=\"color: #444444;\">\u00a0\u00a0 In der Raumkomposition, die unter Ber\u00fccksichtigung aktueller Designvorlieben gestaltet wurde, spiegeln die an der Wand, in den Logos und in verschiedenen Bereichen verwendeten Grafiken die Pizza auf abstrakte Weise wider. Die im Lokal verwendeten M\u00f6bel sind ebenfalls leicht und dynamisch im Sinne eines \u201eKommen und Gehen\u201c-Konzepts gestaltet.<\/span><\/p>\n<p><span style=\"color: #444444;\">\u00a0\u00a0 Bei dem von uns realisierten Projekt haben die Nutzer und Kunden die Erfahrung des Raumes mit Freude angenommen.<\/span>[\/vc_column_text][\/vc_column][vc_column width=&#8220;1\/2&#8243;][vc_media_grid grid_id=&#8220;vc_gid:1744191809320-f4e249dc-fe46-9&#8243; include=&#8220;5864,5865&#8243;][\/vc_column][\/vc_row][vc_row][vc_column width=&#8220;1\/2&#8243;][vc_column_text css=&#8220;&#8220;]<\/p>\n<table>\n<tbody>\n<tr>\n<td class=\"sol\">AUFTRAGGEBER<\/td>\n<td class=\"sag\"><\/td>\n<\/tr>\n<tr>\n<td class=\"sol\">ARCHITEKTURSERVICE<\/td>\n<td class=\"sag\">Projektkonzeption und -implementierung<\/td>\n<\/tr>\n<tr>\n<td class=\"sol\">DATUM &#8211; ORT<\/td>\n<td class=\"sag\">M\u00e4rz 2023 &#8211; Mannheim \/ Deutschland<\/td>\n<\/tr>\n<tr>\n<td class=\"sol\">PROJEKTTEAM<\/td>\n<td class=\"sag\">Armeda-Teknogon<\/td>\n<\/tr>\n<\/tbody>\n<\/table>\n<p>[\/vc_column_text][\/vc_column][vc_column width=&#8220;1\/2&#8243;][\/vc_column][\/vc_row][vc_row disable_element=&#8220;yes&#8220;][vc_column width=&#8220;1\/4&#8243;][caw_button btn_text=&#8220;MED\u0130NA Mannheim&#8220; btn_iconpos=&#8220;left&#8220; btn_link=&#8220;url:https%3A%2F%2Fwww.armeda.com.tr%2Fprojeler%2Fmedinamannheim%2F|title:MEDINA%20MANNHEIM&#8220; btn_color=&#8220;#000000&#8243; btn_background_color=&#8220;#ffffff&#8220; btn_font_size=&#8220;18px&#8220; btn_hvr_color=&#8220;#dd3333&#8243; btn_hvr_background_color=&#8220;#ffffff&#8220; btn_fontawesome=&#8220;fas fa-arrow-left&#8220;][\/vc_column][vc_column width=&#8220;1\/4&#8243;][\/vc_column][vc_column width=&#8220;1\/4&#8243;][\/vc_column][vc_column width=&#8220;1\/4&#8243;][caw_button btn_alignment=&#8220;right&#8220; btn_text=&#8220;NORDF\u0130SH&#8220; btn_iconpos=&#8220;right&#8220; btn_link=&#8220;url:https%3A%2F%2Fwww.armeda.com.tr%2Fprojeler%2Fnordfish%2F|title:NORDFISH&#8220; btn_color=&#8220;#000000&#8243; btn_background_color=&#8220;#ffffff&#8220; btn_font_size=&#8220;18px&#8220; btn_hvr_color=&#8220;#dd3333&#8243; btn_hvr_background_color=&#8220;#ffffff&#8220; btn_fontawesome=&#8220;fas fa-arrow-right&#8220;][\/vc_column][\/vc_row]<\/p>\n<\/div>","protected":false},"excerpt":{"rendered":"<p>[vc_row el_id=&#8220;projelerid&#8220;][vc_column width=&#8220;2\/6&#8243;][vc_custom_heading text=&#8220;P\u0130&#8220; font_container=&#8220;tag:p|font_size:32|text_align:left|color:%23922829&#8243; google_fonts=&#8220;font_family:Raleway%3A100%2C200%2C300%2Cregular%2C500%2C600%2C700%2C800%2C900|font_style:700%20bold%20regular%3A700%3Anormal&#8220;][\/vc_column][vc_column width=&#8220;1\/6&#8243;][\/vc_column][vc_column width=&#8220;1\/6&#8243;][\/vc_column][vc_column width=&#8220;1\/6&#8243;][\/vc_column][vc_column width=&#8220;1\/6&#8243;][\/vc_column][\/vc_row][vc_row][vc_column][vc_single_image image=&#8220;5862&#8243; img_size=&#8220;full&#8220; alignment=&#8220;center&#8220;][\/vc_column][\/vc_row][vc_row][vc_column width=&#8220;1\/2&#8243;][vc_column_text css=&#8220;&#8220;]\u00a0\u00a0 Entsprechend dem speziellen Wunsch des Kunden wurde f\u00fcr das neu zu er\u00f6ffnende Lokal \u201eP\u0130 Pizza\u201c ein Konzeptdesign unter Ber\u00fccksichtigung von Umweltfaktoren, der Raumaufteilung und des Nutzerprofils erstellt. Da die Er\u00f6ffnung unmittelbar bevorsteht, wurden das Konzeptdesign, das Logo und die verwendeten&hellip;<\/p>\n","protected":false},"author":2,"featured_media":5862,"comment_status":"closed","ping_status":"closed","template":"","meta":{"_acf_changed":false,"footnotes":""},"portfolio_category":[279,183],"portfolio_tag":[],"class_list":["post-5835","portfolio","type-portfolio","status-publish","has-post-thumbnail","hentry","portfolio_category-gastronomi","portfolio_category-projeler"],"acf":[],"yoast_head":"<!-- This site is optimized with the Yoast SEO plugin v26.2 - https:\/\/yoast.com\/wordpress\/plugins\/seo\/ -->\n<title>P\u0130<\/title>\n<meta name=\"description\" content=\"\u0130\u00e7 mimarl\u0131k, i\u00e7 dekorasyon, kafe konsept tasar\u0131m, mekan konsept tasar\u0131m\u0131 alan\u0131nda yapt\u0131\u011f\u0131m\u0131z projelerimiz.\" \/>\n<meta name=\"robots\" content=\"index, follow, max-snippet:-1, max-image-preview:large, max-video-preview:-1\" \/>\n<link rel=\"canonical\" href=\"https:\/\/www.armeda.com.tr\/de\/projeler\/pi\/\" \/>\n<meta property=\"og:locale\" content=\"de_DE\" \/>\n<meta property=\"og:locale:alternate\" content=\"tr_TR\" \/>\n<meta property=\"og:locale:alternate\" content=\"en_GB\" \/>\n<meta property=\"og:type\" content=\"article\" \/>\n<meta property=\"og:title\" content=\"P\u0130\" \/>\n<meta property=\"og:description\" content=\"\u0130\u00e7 mimarl\u0131k, i\u00e7 dekorasyon, kafe konsept tasar\u0131m, mekan konsept tasar\u0131m\u0131 alan\u0131nda yapt\u0131\u011f\u0131m\u0131z projelerimiz.\" \/>\n<meta property=\"og:url\" content=\"https:\/\/www.armeda.com.tr\/de\/projeler\/pi\/\" \/>\n<meta property=\"og:site_name\" content=\"Armeda \u0130&ccedil; Mimarl\u0131k\" \/>\n<meta property=\"article:publisher\" content=\"https:\/\/www.facebook.com\/armedaicmimarlik\" \/>\n<meta property=\"article:modified_time\" content=\"2025-04-09T09:48:30+00:00\" \/>\n<meta property=\"og:image\" content=\"https:\/\/www.armeda.com.tr\/wp-content\/uploads\/2023\/07\/Pi_1920-800.jpg\" \/>\n\t<meta property=\"og:image:width\" content=\"1920\" \/>\n\t<meta property=\"og:image:height\" content=\"800\" \/>\n\t<meta property=\"og:image:type\" content=\"image\/jpeg\" \/>\n<meta name=\"twitter:card\" content=\"summary_large_image\" \/>\n<meta name=\"twitter:site\" content=\"@armeda_ic_mim\" \/>\n<meta name=\"twitter:label1\" content=\"Gesch\u00e4tzte Lesezeit\" \/>\n\t<meta name=\"twitter:data1\" content=\"3\u00a0Minuten\" \/>\n<script type=\"application\/ld+json\" class=\"yoast-schema-graph\">{\"@context\":\"https:\/\/schema.org\",\"@graph\":[{\"@type\":\"WebPage\",\"@id\":\"https:\/\/www.armeda.com.tr\/tr\/projeler\/pi\/\",\"url\":\"https:\/\/www.armeda.com.tr\/tr\/projeler\/pi\/\",\"name\":\"P\u0130\",\"isPartOf\":{\"@id\":\"https:\/\/www.armeda.com.tr\/#website\"},\"primaryImageOfPage\":{\"@id\":\"https:\/\/www.armeda.com.tr\/tr\/projeler\/pi\/#primaryimage\"},\"image\":{\"@id\":\"https:\/\/www.armeda.com.tr\/tr\/projeler\/pi\/#primaryimage\"},\"thumbnailUrl\":\"https:\/\/www.armeda.com.tr\/wp-content\/uploads\/2023\/07\/Pi_1920-800.jpg\",\"datePublished\":\"2024-02-29T21:08:56+00:00\",\"dateModified\":\"2025-04-09T09:48:30+00:00\",\"description\":\"\u0130\u00e7 mimarl\u0131k, i\u00e7 dekorasyon, kafe konsept tasar\u0131m, mekan konsept tasar\u0131m\u0131 alan\u0131nda yapt\u0131\u011f\u0131m\u0131z projelerimiz.\",\"breadcrumb\":{\"@id\":\"https:\/\/www.armeda.com.tr\/tr\/projeler\/pi\/#breadcrumb\"},\"inLanguage\":\"de-DE\",\"potentialAction\":[{\"@type\":\"ReadAction\",\"target\":[\"https:\/\/www.armeda.com.tr\/tr\/projeler\/pi\/\"]}]},{\"@type\":\"ImageObject\",\"inLanguage\":\"de-DE\",\"@id\":\"https:\/\/www.armeda.com.tr\/tr\/projeler\/pi\/#primaryimage\",\"url\":\"https:\/\/www.armeda.com.tr\/wp-content\/uploads\/2023\/07\/Pi_1920-800.jpg\",\"contentUrl\":\"https:\/\/www.armeda.com.tr\/wp-content\/uploads\/2023\/07\/Pi_1920-800.jpg\",\"width\":1920,\"height\":800},{\"@type\":\"BreadcrumbList\",\"@id\":\"https:\/\/www.armeda.com.tr\/tr\/projeler\/pi\/#breadcrumb\",\"itemListElement\":[{\"@type\":\"ListItem\",\"position\":1,\"name\":\"Ana sayfa\",\"item\":\"https:\/\/www.armeda.com.tr\/tr\/\"},{\"@type\":\"ListItem\",\"position\":2,\"name\":\"Portfolio\",\"item\":\"https:\/\/www.armeda.com.tr\/tr\/projeler\/\"},{\"@type\":\"ListItem\",\"position\":3,\"name\":\"P\u0130\"}]},{\"@type\":\"WebSite\",\"@id\":\"https:\/\/www.armeda.com.tr\/#website\",\"url\":\"https:\/\/www.armeda.com.tr\/\",\"name\":\"Armeda \u0130&ccedil; Mimarl\u0131k\",\"description\":\"\u0130&ccedil; Dekorasyon ve Konsept Tasar\u0131m Projeleri\",\"publisher\":{\"@id\":\"https:\/\/www.armeda.com.tr\/#organization\"},\"potentialAction\":[{\"@type\":\"SearchAction\",\"target\":{\"@type\":\"EntryPoint\",\"urlTemplate\":\"https:\/\/www.armeda.com.tr\/?s={search_term_string}\"},\"query-input\":{\"@type\":\"PropertyValueSpecification\",\"valueRequired\":true,\"valueName\":\"search_term_string\"}}],\"inLanguage\":\"de-DE\"},{\"@type\":\"Organization\",\"@id\":\"https:\/\/www.armeda.com.tr\/#organization\",\"name\":\"Armeda \u0130\u00e7 Mimarl\u0131k Ofisi\",\"url\":\"https:\/\/www.armeda.com.tr\/\",\"logo\":{\"@type\":\"ImageObject\",\"inLanguage\":\"de-DE\",\"@id\":\"https:\/\/www.armeda.com.tr\/#\/schema\/logo\/image\/\",\"url\":\"https:\/\/www.armeda.com.tr\/wp-content\/uploads\/2020\/04\/armedaLogo-01.png\",\"contentUrl\":\"https:\/\/www.armeda.com.tr\/wp-content\/uploads\/2020\/04\/armedaLogo-01.png\",\"width\":4167,\"height\":1126,\"caption\":\"Armeda \u0130\u00e7 Mimarl\u0131k Ofisi\"},\"image\":{\"@id\":\"https:\/\/www.armeda.com.tr\/#\/schema\/logo\/image\/\"},\"sameAs\":[\"https:\/\/www.facebook.com\/armedaicmimarlik\",\"https:\/\/x.com\/armeda_ic_mim\",\"https:\/\/www.instagram.com\/armedaicmimarlik\/\",\"https:\/\/www.linkedin.com\/company\/armeda-ic-mimarl\u0131k\/\",\"https:\/\/tr.pinterest.com\/armedaicmimarlik\/\",\"https:\/\/www.youtube.com\/channel\/UCbJk00ySzF1IF4mopBDpApQ\"]}]}<\/script>\n<!-- \/ Yoast SEO plugin. -->","yoast_head_json":{"title":"P\u0130","description":"\u0130\u00e7 mimarl\u0131k, i\u00e7 dekorasyon, kafe konsept tasar\u0131m, mekan konsept tasar\u0131m\u0131 alan\u0131nda yapt\u0131\u011f\u0131m\u0131z projelerimiz.","robots":{"index":"index","follow":"follow","max-snippet":"max-snippet:-1","max-image-preview":"max-image-preview:large","max-video-preview":"max-video-preview:-1"},"canonical":"https:\/\/www.armeda.com.tr\/de\/projeler\/pi\/","og_locale":"de_DE","og_type":"article","og_title":"[:tr]P\u0130[:en]P\u0130[:de]P\u0130[:] | Armeda \u0130&ccedil; Mimarl\u0131k","og_description":"\u0130\u00e7 mimarl\u0131k, i\u00e7 dekorasyon, kafe konsept tasar\u0131m, mekan konsept tasar\u0131m\u0131 alan\u0131nda yapt\u0131\u011f\u0131m\u0131z projelerimiz.","og_url":"https:\/\/www.armeda.com.tr\/de\/projeler\/pi\/","og_site_name":"Armeda \u0130&ccedil; Mimarl\u0131k","article_publisher":"https:\/\/www.facebook.com\/armedaicmimarlik","article_modified_time":"2025-04-09T09:48:30+00:00","og_image":[{"width":1920,"height":800,"url":"https:\/\/www.armeda.com.tr\/wp-content\/uploads\/2023\/07\/Pi_1920-800.jpg","type":"image\/jpeg"}],"twitter_card":"summary_large_image","twitter_site":"@armeda_ic_mim","twitter_misc":{"Gesch\u00e4tzte Lesezeit":"3\u00a0Minuten"},"schema":{"@context":"https:\/\/schema.org","@graph":[{"@type":"WebPage","@id":"https:\/\/www.armeda.com.tr\/tr\/projeler\/pi\/","url":"https:\/\/www.armeda.com.tr\/tr\/projeler\/pi\/","name":"P\u0130","isPartOf":{"@id":"https:\/\/www.armeda.com.tr\/#website"},"primaryImageOfPage":{"@id":"https:\/\/www.armeda.com.tr\/tr\/projeler\/pi\/#primaryimage"},"image":{"@id":"https:\/\/www.armeda.com.tr\/tr\/projeler\/pi\/#primaryimage"},"thumbnailUrl":"https:\/\/www.armeda.com.tr\/wp-content\/uploads\/2023\/07\/Pi_1920-800.jpg","datePublished":"2024-02-29T21:08:56+00:00","dateModified":"2025-04-09T09:48:30+00:00","description":"\u0130\u00e7 mimarl\u0131k, i\u00e7 dekorasyon, kafe konsept tasar\u0131m, mekan konsept tasar\u0131m\u0131 alan\u0131nda yapt\u0131\u011f\u0131m\u0131z projelerimiz.","breadcrumb":{"@id":"https:\/\/www.armeda.com.tr\/tr\/projeler\/pi\/#breadcrumb"},"inLanguage":"de-DE","potentialAction":[{"@type":"ReadAction","target":["https:\/\/www.armeda.com.tr\/tr\/projeler\/pi\/"]}]},{"@type":"ImageObject","inLanguage":"de-DE","@id":"https:\/\/www.armeda.com.tr\/tr\/projeler\/pi\/#primaryimage","url":"https:\/\/www.armeda.com.tr\/wp-content\/uploads\/2023\/07\/Pi_1920-800.jpg","contentUrl":"https:\/\/www.armeda.com.tr\/wp-content\/uploads\/2023\/07\/Pi_1920-800.jpg","width":1920,"height":800},{"@type":"BreadcrumbList","@id":"https:\/\/www.armeda.com.tr\/tr\/projeler\/pi\/#breadcrumb","itemListElement":[{"@type":"ListItem","position":1,"name":"Ana sayfa","item":"https:\/\/www.armeda.com.tr\/tr\/"},{"@type":"ListItem","position":2,"name":"Portfolio","item":"https:\/\/www.armeda.com.tr\/tr\/projeler\/"},{"@type":"ListItem","position":3,"name":"P\u0130"}]},{"@type":"WebSite","@id":"https:\/\/www.armeda.com.tr\/#website","url":"https:\/\/www.armeda.com.tr\/","name":"Armeda \u0130&ccedil; Mimarl\u0131k","description":"\u0130&ccedil; Dekorasyon ve Konsept Tasar\u0131m Projeleri","publisher":{"@id":"https:\/\/www.armeda.com.tr\/#organization"},"potentialAction":[{"@type":"SearchAction","target":{"@type":"EntryPoint","urlTemplate":"https:\/\/www.armeda.com.tr\/?s={search_term_string}"},"query-input":{"@type":"PropertyValueSpecification","valueRequired":true,"valueName":"search_term_string"}}],"inLanguage":"de-DE"},{"@type":"Organization","@id":"https:\/\/www.armeda.com.tr\/#organization","name":"Armeda \u0130\u00e7 Mimarl\u0131k Ofisi","url":"https:\/\/www.armeda.com.tr\/","logo":{"@type":"ImageObject","inLanguage":"de-DE","@id":"https:\/\/www.armeda.com.tr\/#\/schema\/logo\/image\/","url":"https:\/\/www.armeda.com.tr\/wp-content\/uploads\/2020\/04\/armedaLogo-01.png","contentUrl":"https:\/\/www.armeda.com.tr\/wp-content\/uploads\/2020\/04\/armedaLogo-01.png","width":4167,"height":1126,"caption":"Armeda \u0130\u00e7 Mimarl\u0131k Ofisi"},"image":{"@id":"https:\/\/www.armeda.com.tr\/#\/schema\/logo\/image\/"},"sameAs":["https:\/\/www.facebook.com\/armedaicmimarlik","https:\/\/x.com\/armeda_ic_mim","https:\/\/www.instagram.com\/armedaicmimarlik\/","https:\/\/www.linkedin.com\/company\/armeda-ic-mimarl\u0131k\/","https:\/\/tr.pinterest.com\/armedaicmimarlik\/","https:\/\/www.youtube.com\/channel\/UCbJk00ySzF1IF4mopBDpApQ"]}]}},"_links":{"self":[{"href":"https:\/\/www.armeda.com.tr\/de\/wp-json\/wp\/v2\/portfolio\/5835","targetHints":{"allow":["GET"]}}],"collection":[{"href":"https:\/\/www.armeda.com.tr\/de\/wp-json\/wp\/v2\/portfolio"}],"about":[{"href":"https:\/\/www.armeda.com.tr\/de\/wp-json\/wp\/v2\/types\/portfolio"}],"author":[{"embeddable":true,"href":"https:\/\/www.armeda.com.tr\/de\/wp-json\/wp\/v2\/users\/2"}],"replies":[{"embeddable":true,"href":"https:\/\/www.armeda.com.tr\/de\/wp-json\/wp\/v2\/comments?post=5835"}],"version-history":[{"count":13,"href":"https:\/\/www.armeda.com.tr\/de\/wp-json\/wp\/v2\/portfolio\/5835\/revisions"}],"predecessor-version":[{"id":8831,"href":"https:\/\/www.armeda.com.tr\/de\/wp-json\/wp\/v2\/portfolio\/5835\/revisions\/8831"}],"wp:featuredmedia":[{"embeddable":true,"href":"https:\/\/www.armeda.com.tr\/de\/wp-json\/wp\/v2\/media\/5862"}],"wp:attachment":[{"href":"https:\/\/www.armeda.com.tr\/de\/wp-json\/wp\/v2\/media?parent=5835"}],"wp:term":[{"taxonomy":"portfolio_category","embeddable":true,"href":"https:\/\/www.armeda.com.tr\/de\/wp-json\/wp\/v2\/portfolio_category?post=5835"},{"taxonomy":"portfolio_tag","embeddable":true,"href":"https:\/\/www.armeda.com.tr\/de\/wp-json\/wp\/v2\/portfolio_tag?post=5835"}],"curies":[{"name":"wp","href":"https:\/\/api.w.org\/{rel}","templated":true}]}}